{"id":6846,"date":"2025-10-27T21:15:50","date_gmt":"2025-10-27T21:15:50","guid":{"rendered":"https:\/\/estiu.eixestels.com\/politica-de-privacidad\/"},"modified":"2026-04-14T08:50:50","modified_gmt":"2026-04-14T08:50:50","slug":"politica-de-privacidad","status":"publish","type":"page","link":"https:\/\/estiu.eixestels.com\/es\/politica-de-privacidad\/","title":{"rendered":"Pol\u00edtica de Privacidad"},"content":{"rendered":"\t\t<div data-elementor-type=\"wp-page\" data-elementor-id=\"6846\" class=\"elementor elementor-6846 elementor-1155\" data-elementor-post-type=\"page\">\n\t\t\t\t<div class=\"elementor-element elementor-element-3775afb3 e-con-full e-flex e-con e-parent\" data-id=\"3775afb3\" data-element_type=\"container\" data-e-type=\"container\" data-settings=\"{&quot;background_background&quot;:&quot;gradient&quot;}\">\n\t\t\t\t<div class=\"elementor-element elementor-element-373c4fca elementor-widget elementor-widget-heading\" data-id=\"373c4fca\" data-element_type=\"widget\" data-e-type=\"widget\" data-widget_type=\"heading.default\">\n\t\t\t\t\t<h1 class=\"elementor-heading-title elementor-size-default\">Pol\u00edtica de Privacidad<\/h1>\t\t\t\t<\/div>\n\t\t\t\t<\/div>\n\t\t<div class=\"elementor-element elementor-element-15e4542c e-con-full header-box e-flex e-con e-parent\" data-id=\"15e4542c\" data-element_type=\"container\" data-e-type=\"container\">\n\t\t\t\t<div class=\"elementor-element elementor-element-311d4e7b elementor-widget elementor-widget-text-editor\" data-id=\"311d4e7b\" data-element_type=\"widget\" data-e-type=\"widget\" data-widget_type=\"text-editor.default\">\n\t\t\t\t\t\t\t\t\t<p><strong class=\"bb strong_bb\">Responsable del Tratamiento<\/strong><br> La empresa responsable del tratamiento de sus datos en virtud de esta Pol\u00edtica de privacidad es:<\/p><p><strong>EIX ESTELS, S.L.<\/strong> <br><strong>NIF:<\/strong> B62124797 <br><strong>Domicilio:<\/strong> Passeig del Taulat, 235 &#8211; 08019 BARCELONA (Barcelona) <br><strong>Direcci\u00f3 de correo electronico:<\/strong><span style=\"text-decoration: underline;\"> <a href=\"mailto:lopd@eixestels.com\"><strong>lopd@eixestels.com<\/strong> <\/a><\/span> <br><strong>Web: <span style=\"text-decoration: underline;\"><a href=\"https:\/\/eixestels.com\">www.eixestels.com<\/a> <\/span> <\/strong><br><strong>Tel\u00e9fono<\/strong>: <a href=\"tel:+34932652786\">932652786<\/a> <br>Inscrita al Registre Mercantil de Barcelona, en el Tomo 32.194, Folio 35, Hoja N\u00famero B-202397<\/p><p>En <strong>EIX ESTELS, SL<\/strong> ., reconocemos la importancia de proteger su informaci\u00f3n personal y estamos comprometidos a tratarla con responsabilidad y de conformidad con las leyes de protecci\u00f3n de datos.<\/p><p>La presente pol\u00edtica de privacidad pretende regular todos los aspectos relativos al tratamiento de datos de los distintos usuarios que navegan o facilitan los suyos a trav\u00e9s de los distintos formularios situados en la web.<\/p><p><span style=\"text-decoration: underline;\"><strong class=\"bb strong_bb\">Datos Personales<\/strong><\/span><br> Un dato personal, es la informaci\u00f3n que le identifica o lo hace identificable. A trav\u00e9s de la web, en las casillas establecidas a tal efecto recogemos los datos personales que el usuario nos comunica: Nombre, apellidos, correo electr\u00f3nico, tel\u00e9fono, direcci\u00f3n postal, poblaci\u00f3n, etc., as\u00ed como todos aquellos datos que voluntariamente nos proporcione a trav\u00e9s de cualquiera de las redes sociales de las que el usuario est\u00e1 registrado. En tal caso, la privacidad depender\u00e1 de la configuraci\u00f3n establecida por el propio usuario as\u00ed como de los t\u00e9rminos y condiciones de la propia red social.  <\/p><p>La visita del usuario a la web no implica que deba facilitar ninguna informaci\u00f3n sobre sus datos personales. No obstante, en caso de facilitarlos, los datos ser\u00e1n tratados de forma l\u00edcita de conformidad en todo momento a los principios y derechos recogidos en el RGPD 2016\/679 de 26 de abril y la LOPDGDD 3\/2018 de 5 de diciembre. <\/p><p><span style=\"text-decoration: underline;\"><strong class=\"bb strong_bb\">Finalidad, duraci\u00f3n y legitimaci\u00f3n del tratamiento<\/strong><\/span><br> Los datos que el usuario nos proporcione los trataremos con las siguientes finalidades:<\/p><ul class=\"bb ul_bb\"><li class=\"bb li_bb\">Atender la solicitud o petici\u00f3n realizada por el usuario a trav\u00e9s del <strong class=\"bb strong_bb\">formulario de contacto<\/strong> situado en la web. Recogemos y tratamos los datos personales del usuario para poder tramitar y gestionar su solicitud, consulta o cualquier petici\u00f3n que realiza a trav\u00e9s del formulario. Estos datos los conservamos durante el tiempo necesario para cumplir su petici\u00f3n y durante el tiempo establecido por la ley con una duraci\u00f3n m\u00ednima de 3 a\u00f1os.  <\/li><\/ul><p>La base de legitimaci\u00f3n del tratamiento de los datos ser\u00e1 el consentimiento que el usuario otorga al seleccionar la casilla de aceptaci\u00f3n de nuestra pol\u00edtica de privacidad antes de enviar la petici\u00f3n. El usuario tiene derecho a revocar su consentimiento en cualquier momento sin que ello afecte a la licitud del tratamiento basado en el consentimiento previo a su retirada. <\/p><ul class=\"bb ul_bb\"><li class=\"bb li_bb\"><strong class=\"bb strong_bb\">Gestionar las reservas<\/strong> y prestar los servicios de alojamiento en nuestro establecimiento a los usuarios a trav\u00e9s de nuestro formulario de reserva situado en la web. Los datos facilitados se conservar\u00e1n mientras exista la relaci\u00f3n contractual entre partes, as\u00ed como durante el tiempo establecido por la ley con una duraci\u00f3n m\u00ednima de 3 a\u00f1os. <\/li><\/ul><p>La base de legitimaci\u00f3n para atender y gestionar la reserva realizada por el usuario a trav\u00e9s del formulario web ser\u00e1 la ejecuci\u00f3n de un contrato en el que el interesado es parte. En caso de que el usuario no facilite sus datos personales no podr\u00e1 gestionarse su reserva, no pudiendo prestar el servicio solicitado. <\/p><ul class=\"bb ul_bb\"><li class=\"bb li_bb\"><strong class=\"bb strong_bb\">Gestionar el \u00e1rea privada cliente<\/strong> donde el usuario podr\u00e1 consultar sus contratos y facturas, modificar y actualizar sus datos, adem\u00e1s de descargarse programaciones. Los datos facilitados se conservar\u00e1n mientras exista la relaci\u00f3n contractual entre las partes, as\u00ed como durante el tiempo establecido por la ley con una duraci\u00f3n m\u00ednima de 3 a\u00f1os. <\/li><\/ul><p>La base de legitimaci\u00f3n del tratamiento de los datos ser\u00e1 el cumplimiento de un contrato. El usuario tiene derecho a revocar su consentimiento en cualquier momento sin que ello afecte a la licitud del tratamiento basado en el cumplimiento de un contrato y las obligaciones legales derivadas, previo a su retirada. <\/p><ul class=\"bb ul_bb\"><li class=\"bb li_bb\"><strong class=\"bb strong_bb\">Enviar boletines y newletters sobre productos<\/strong> de EIX ESTELS, SL. Bajo el consentimiento del usuario recopilamos y tratamos sus datos personales para poder enviarle informaci\u00f3n sobre nuestros productos y servicios. Estos datos los conservaremos mientras el usuario no revoque su consentimiento al tratamiento de los mismos y durante el tiempo establecido por la ley con una duraci\u00f3n m\u00ednima de 3 a\u00f1os.  <\/li><\/ul><p>La base de legitimaci\u00f3n del tratamiento de sus datos ser\u00e1 el consentimiento que otorga el usuario al seleccionar la casilla de aceptaci\u00f3n de nuestra pol\u00edtica de privacidad antes de suscribirse a la newsletter en el formulario habilitado a tal efecto en la web. El usuario tiene derecho a revocar su consentimiento en cualquier momento sin que ello afecte a la licitud del tratamiento basado en el consentimiento previo a su retirada. <\/p><ul class=\"bb ul_bb\"><li class=\"bb li_bb\"><strong class=\"bb strong_bb\">Mejorar su experiencia al navegar por la web<\/strong> . Estos datos los conservaremos mientras el usuario no revoque su consentimiento al tratamiento de \u00e9stas eliminando las cookies y durante el tiempo establecido por la ley con una duraci\u00f3n m\u00ednima de 3 a\u00f1os. <\/li><\/ul><p>La base de legitimaci\u00f3n para mejorar su experiencia al navegar por la web es el consentimiento que otorga el usuario al aceptar las cookies. El usuario tiene derecho a revocar su consentimiento en cualquier momento sin que ello afecte a la licitud del tratamiento basado en el consentimiento previo a su retirada. <\/p><ul class=\"bb ul_bb\"><li class=\"bb li_bb\"><strong class=\"bb strong_bb\">Gestionar nuestras redes sociales<\/strong> y enviarle informaci\u00f3n sobre nuestras actividades y productos. Estos datos los conservaremos mientras el usuario no revoque su consentimiento al tratamiento de los mismos y durante el tiempo establecido por la ley con una duraci\u00f3n m\u00ednima de 3 a\u00f1os. <\/li><\/ul><p>La base de leg\u00edtimaci\u00f3n para gestionar nuestras redes sociales y enviarle nuestras actividades y novedades, es el consentimiento que nos concede para ello. El usuario tiene derecho a revocar su consentimiento en cualquier momento sin que ello afecte a la licitud del tratamiento basado en el consentimiento previo a su retirada. <\/p><ul class=\"bb ul_bb\"><li class=\"bb li_bb\"><strong class=\"bb strong_bb\">Gestionar el portal fotos de nuestra web<\/strong> . El usuario podr\u00e1 acceder s\u00f3lo a las fotos de la actividad en la que ha participado mediante una contrase\u00f1a facilitada por EIX ESTELS, SL. Los datos facilitados se conservar\u00e1n mientras exista la relaci\u00f3n contractual entre partes, as\u00ed como durante el tiempo establecido por la ley con una duraci\u00f3n m\u00ednima de 3 a\u00f1os.  <\/li><\/ul><p>La base de legitimaci\u00f3n del tratamiento de los datos es el cumplimiento de un contrato y el consentimiento de imagen prestado por el tutor legal, en caso de menores, y por el propio titular si es adulto. El usuario tiene derecho a revocar su consentimiento en cualquier momento sin que ello afecte a la licitud del tratamiento basado en el consentimiento previo a su retirada. <\/p><p><span style=\"text-decoration: underline;\"><strong class=\"bb strong_bb\">Cesi\u00f3n o comunicaci\u00f3n de datos personales y transferencias internacionales<\/strong><\/span><br> Sus datos no se comunicar\u00e1n ni ser\u00e1n cedidos a terceros salvo que exista alguna obligaci\u00f3n legal oa aquellos prestadores vinculados al Responsable que act\u00faen como encargados del tratamiento.<br> No se realizan transferencias internacionales, en caso de que en alg\u00fan momento pudieran realizarse, se le comunicar\u00eda a fin de obtener su consentimiento.<\/p><p><span style=\"text-decoration: underline;\"><strong class=\"bb strong_bb\">Actualizaci\u00f3n de datos<\/strong><\/span><br> Es importante que para que podamos mantener los datos personales actualizados, el usuario nos informe siempre que haya habido alguna modificaci\u00f3n en \u00e9stas, de lo contrario, no respondemos de la veracidad de \u00e9stas.<br> El usuario garantiza que los datos personales facilitados son veraces garantizando que toda la informaci\u00f3n facilitada corresponde con la situaci\u00f3n real, puesta al d\u00eda y exacta, quedando obligado a comunicar cualquier modificaci\u00f3n.<\/p><p><span style=\"text-decoration: underline;\"><strong class=\"bb strong_bb\">Datos de Terceros<\/strong><\/span><br> Si el usuario facilita datos de terceras personas para cualquier finalidad a EIX ESTELS, SL, garantiza que ha obtenido estos datos de forma l\u00edcita, que ha informado previamente a los afectados, obteniendo su consentimiento para comunicarlos y que la informaci\u00f3n facilitada es exacta y veraz.<\/p><p><span style=\"text-decoration: underline;\"><strong class=\"bb strong_bb\">Car\u00e1cter obligatorio de la informaci\u00f3n solicitada<\/strong><\/span><br> Todos nuestros formularios cuentan con un asterisco (*) en los datos obligatorios. Si el usuario no llena estos campos, o no marca la casilla de aceptaci\u00f3n de la pol\u00edtica de privacidad, no se permitir\u00e1 el env\u00edo de la informaci\u00f3n. <\/p><p><span style=\"text-decoration: underline;\"><strong class=\"bb strong_bb\">Uso de las contrase\u00f1as<\/strong><\/span><br> Para poder acceder al Portal Foto el USUARIO dispondr\u00e1 de una contrase\u00f1a generada por EIX ESTELS, SL, para uso exclusivo del usuario.<\/p><p>Los usuarios son responsables de la adecuada custodia y confidencialidad de cualesquiera de los identificadores y\/o contrase\u00f1as que hayan seleccionado en el registro, comprometi\u00e9ndose a no ceder su uso a terceros, ni permitir su acceso a personas ajenas.  <\/p><p>Asimismo, ser\u00e1 obligaci\u00f3n del usuario notificar de forma inmediata al Responsable cualquier hecho que permita el uso indebido de los identificadores y\/o contrase\u00f1as, tales como robo, extrav\u00edo, o acceso no autorizado a los mismos, con el fin de conducta a su inmediata cancelaci\u00f3n.<\/p><p><span style=\"text-decoration: underline;\"><strong class=\"bb strong_bb\">Derechos de los interesados<\/strong><\/span><br> Tiene derecho a acceder a sus datos ya obtener confirmaci\u00f3n sobre su tratamiento, as\u00ed como copia de los datos personales objeto de tratamiento. Tiene derecho a actualizarlos ya solicitar la rectificaci\u00f3n de los datos que sean inexactos o solicitar la supresi\u00f3n cuando los datos no sean necesarios para los fines por los que fueron recabados. Puede solicitar la limitaci\u00f3n en el tratamiento de sus datos y oponerse al tratamiento de \u00e9stos revocando su consentimiento, as\u00ed como ejercer el derecho a la portabilidad de los datos. De igual modo, tiene derecho a no ser objeto de decisiones basadas \u00fanicamente en el tratamiento automatizado de sus datos personales. Puede ejercer sus derechos contactando con nosotros Passeig del Taulat, 235 &#8211; 08019 BARCELONA (Barcelona). Email: lopd@eixestel.com     <\/p><p>Si considera que sus derechos no se han atendido debidamente, tiene derecho a presentar una reclamaci\u00f3n ante la autoridad de control en www.aepd.es<\/p><p><span style=\"text-decoration: underline;\"><strong class=\"bb strong_bb\">Tratamiento de datos de Menores de edad<\/strong><\/span><br> Quien facilita los datos a trav\u00e9s de los formularios de esta web y acepta su tratamiento declara ser mayor de 14 a\u00f1os, quedando prohibido el acceso y uso del portal a menores de esa edad. Si en alg\u00fan momento, el Responsable detecta que un menor de 14 a\u00f1os ha proporcionado datos de car\u00e1cter personal, procederemos a su cancelaci\u00f3n. Asimismo, los padres o tutores podr\u00e1n en cualquier caso dirigirse a EIX ESTELS, SL para bloquear la cuenta de acceso de los menores a su cargo que se hubiesen registrado falseando su identidad.  <\/p><p><span style=\"text-decoration: underline;\"><strong class=\"bb strong_bb\">Redes Sociales<\/strong><\/span><br> El objeto de las herramientas como Facebook, Twitter, Instagram, etc. u otras redes sociales es dar visibilidad y difusi\u00f3n a las actividades que desarrolla nuestra organizaci\u00f3n. Estas herramientas almacenan datos personales en los servidores de sus respectivos servicios y se rigen por su propia pol\u00edtica de privacidad. Se recomienda la revisi\u00f3n y lectura de las condiciones de uso y pol\u00edtica de privacidad de la red social en el momento de registrarse, teniendo en cuenta las diferentes posibilidades de configuraci\u00f3n en relaci\u00f3n con el grado de privacidad del perfil de usuario en la red social.  <\/p><p>Asimismo, el Responsable se reserva el derecho de eliminar de sus redes sociales cualquier informaci\u00f3n publicada por terceros que vulnere la legalidad, incite a hacerlo o contenga mensajes que atenten contra la dignidad de personas o instituciones. As\u00ed como el derecho a bloquear o denunciar el perfil autor de estos mensajes. <\/p><p><span style=\"text-decoration: underline;\"><strong class=\"bb strong_bb\">Tratamiento de Cookies<\/strong><\/span><br> Una cookie es un peque\u00f1o archivo que se descarga y almacena en el ordenador del usuario cuando \u00e9ste accede a una p\u00e1gina web. Las cookies permiten a la web, entre otras cosas, almacenar y recuperar informaci\u00f3n sobre los h\u00e1bitos de navegaci\u00f3n del usuario o de su equipo y, dependiendo de la informaci\u00f3n que contengan y de la forma en que utilice su equipo, pueden utilizarse para reconocer al usuario.   <br>El usuario tiene la opci\u00f3n de impedir la generaci\u00f3n de cookies mediante la selecci\u00f3n de la correspondiente opci\u00f3n en su programa de navegador. Puede obtener m\u00e1s informaci\u00f3n leyendo nuestra Pol\u00edtica de Cookies. <\/p>\t\t\t\t\t\t\t\t<\/div>\n\t\t\t\t<\/div>\n\t\t\t\t<\/div>\n\t\t","protected":false},"excerpt":{"rendered":"<p>Pol\u00edtica de Privacidad Responsable del Tratamiento La empresa responsable del tratamiento de sus datos en virtud de esta Pol\u00edtica de [&hellip;]<\/p>\n","protected":false},"author":1,"featured_media":0,"parent":0,"menu_order":0,"comment_status":"closed","ping_status":"closed","template":"","meta":{"_acf_changed":false,"site-sidebar-layout":"no-sidebar","site-content-layout":"","ast-site-content-layout":"full-width-container","site-content-style":"default","site-sidebar-style":"default","ast-global-header-display":"","ast-banner-title-visibility":"","ast-main-header-display":"","ast-hfb-above-header-display":"","ast-hfb-below-header-display":"","ast-hfb-mobile-header-display":"","site-post-title":"disabled","ast-breadcrumbs-content":"","ast-featured-img":"disabled","footer-sml-layout":"","ast-disable-related-posts":"","theme-transparent-header-meta":"","adv-header-id-meta":"","stick-header-meta":"","header-above-stick-meta":"","header-main-stick-meta":"","header-below-stick-meta":"","astra-migrate-meta-layouts":"default","ast-page-background-enabled":"default","ast-page-background-meta":{"desktop":{"background-color":"var(--ast-global-color-5)","background-image":"","background-repeat":"repeat","background-position":"center center","background-size":"auto","background-attachment":"scroll","background-type":"","background-media":"","overlay-type":"","overlay-color":"","overlay-opacity":"","overlay-gradient":""},"tablet":{"background-color":"","background-image":"","background-repeat":"repeat","background-position":"center center","background-size":"auto","background-attachment":"scroll","background-type":"","background-media":"","overlay-type":"","overlay-color":"","overlay-opacity":"","overlay-gradient":""},"mobile":{"background-color":"","background-image":"","background-repeat":"repeat","background-position":"center center","background-size":"auto","background-attachment":"scroll","background-type":"","background-media":"","overlay-type":"","overlay-color":"","overlay-opacity":"","overlay-gradient":""}},"ast-content-background-meta":{"desktop":{"background-color":"var(--ast-global-color-4)","background-image":"","background-repeat":"repeat","background-position":"center center","background-size":"auto","background-attachment":"scroll","background-type":"","background-media":"","overlay-type":"","overlay-color":"","overlay-opacity":"","overlay-gradient":""},"tablet":{"background-color":"var(--ast-global-color-4)","background-image":"","background-repeat":"repeat","background-position":"center center","background-size":"auto","background-attachment":"scroll","background-type":"","background-media":"","overlay-type":"","overlay-color":"","overlay-opacity":"","overlay-gradient":""},"mobile":{"background-color":"var(--ast-global-color-4)","background-image":"","background-repeat":"repeat","background-position":"center center","background-size":"auto","background-attachment":"scroll","background-type":"","background-media":"","overlay-type":"","overlay-color":"","overlay-opacity":"","overlay-gradient":""}},"footnotes":""},"class_list":["post-6846","page","type-page","status-publish","hentry"],"acf":[],"yoast_head":"<!-- This site is optimized with the Yoast SEO plugin v27.4 - https:\/\/yoast.com\/product\/yoast-seo-wordpress\/ -->\n<title>Pol\u00edtica de Privacidad<\/title>\n<meta name=\"description\" content=\"Informaci\u00f3n sobre el tratamiento de datos personales y derechos de privacidad seg\u00fan normativa. Lee los detalles aqu\u00ed.\" \/>\n<meta name=\"robots\" content=\"noindex, follow\" \/>\n<meta property=\"og:locale\" content=\"es_ES\" \/>\n<meta property=\"og:type\" content=\"article\" \/>\n<meta property=\"og:title\" content=\"Pol\u00edtica de Privacidad\" \/>\n<meta property=\"og:description\" content=\"Informaci\u00f3n sobre el tratamiento de datos personales y derechos de privacidad seg\u00fan normativa. Lee los detalles aqu\u00ed.\" \/>\n<meta property=\"og:url\" content=\"https:\/\/estiu.eixestels.com\/es\/politica-de-privacidad\/\" \/>\n<meta property=\"og:site_name\" content=\"Eix Estels\" \/>\n<meta property=\"article:publisher\" content=\"https:\/\/www.facebook.com\/eix.estels\" \/>\n<meta property=\"article:modified_time\" content=\"2026-04-14T08:50:50+00:00\" \/>\n<meta name=\"twitter:card\" content=\"summary_large_image\" \/>\n<meta name=\"twitter:site\" content=\"@eixestels\" \/>\n<meta name=\"twitter:label1\" content=\"Tiempo de lectura\" \/>\n\t<meta name=\"twitter:data1\" content=\"10 minutos\" \/>\n<script type=\"application\/ld+json\" class=\"yoast-schema-graph\">{\"@context\":\"https:\\\/\\\/schema.org\",\"@graph\":[{\"@type\":\"WebPage\",\"@id\":\"https:\\\/\\\/estiu.eixestels.com\\\/es\\\/politica-de-privacidad\\\/\",\"url\":\"https:\\\/\\\/estiu.eixestels.com\\\/es\\\/politica-de-privacidad\\\/\",\"name\":\"Pol\u00edtica de Privacidad\",\"isPartOf\":{\"@id\":\"https:\\\/\\\/estiu.eixestels.com\\\/es\\\/#website\"},\"datePublished\":\"2025-10-27T21:15:50+00:00\",\"dateModified\":\"2026-04-14T08:50:50+00:00\",\"description\":\"Informaci\u00f3n sobre el tratamiento de datos personales y derechos de privacidad seg\u00fan normativa. Lee los detalles aqu\u00ed.\",\"breadcrumb\":{\"@id\":\"https:\\\/\\\/estiu.eixestels.com\\\/es\\\/politica-de-privacidad\\\/#breadcrumb\"},\"inLanguage\":\"es\",\"potentialAction\":[{\"@type\":\"ReadAction\",\"target\":[\"https:\\\/\\\/estiu.eixestels.com\\\/es\\\/politica-de-privacidad\\\/\"]}]},{\"@type\":\"BreadcrumbList\",\"@id\":\"https:\\\/\\\/estiu.eixestels.com\\\/es\\\/politica-de-privacidad\\\/#breadcrumb\",\"itemListElement\":[{\"@type\":\"ListItem\",\"position\":1,\"name\":\"Inici\",\"item\":\"https:\\\/\\\/estiu.eixestels.com\\\/es\\\/\"},{\"@type\":\"ListItem\",\"position\":2,\"name\":\"Pol\u00edtica de Privacidad\"}]},{\"@type\":\"WebSite\",\"@id\":\"https:\\\/\\\/estiu.eixestels.com\\\/es\\\/#website\",\"url\":\"https:\\\/\\\/estiu.eixestels.com\\\/es\\\/\",\"name\":\"Eix Estels\",\"description\":\"\",\"publisher\":{\"@id\":\"https:\\\/\\\/estiu.eixestels.com\\\/es\\\/#organization\"},\"potentialAction\":[{\"@type\":\"SearchAction\",\"target\":{\"@type\":\"EntryPoint\",\"urlTemplate\":\"https:\\\/\\\/estiu.eixestels.com\\\/es\\\/?s={search_term_string}\"},\"query-input\":{\"@type\":\"PropertyValueSpecification\",\"valueRequired\":true,\"valueName\":\"search_term_string\"}}],\"inLanguage\":\"es\"},{\"@type\":\"Organization\",\"@id\":\"https:\\\/\\\/estiu.eixestels.com\\\/es\\\/#organization\",\"name\":\"Eix Estels\",\"url\":\"https:\\\/\\\/estiu.eixestels.com\\\/es\\\/\",\"logo\":{\"@type\":\"ImageObject\",\"inLanguage\":\"es\",\"@id\":\"https:\\\/\\\/estiu.eixestels.com\\\/es\\\/#\\\/schema\\\/logo\\\/image\\\/\",\"url\":\"https:\\\/\\\/estiu.eixestels.com\\\/wp-content\\\/uploads\\\/2025\\\/10\\\/Ee-Eixestels.png\",\"contentUrl\":\"https:\\\/\\\/estiu.eixestels.com\\\/wp-content\\\/uploads\\\/2025\\\/10\\\/Ee-Eixestels.png\",\"width\":1000,\"height\":776,\"caption\":\"Eix Estels\"},\"image\":{\"@id\":\"https:\\\/\\\/estiu.eixestels.com\\\/es\\\/#\\\/schema\\\/logo\\\/image\\\/\"},\"sameAs\":[\"https:\\\/\\\/www.facebook.com\\\/eix.estels\",\"https:\\\/\\\/x.com\\\/eixestels\",\"https:\\\/\\\/www.youtube.com\\\/user\\\/EixEstels\",\"https:\\\/\\\/www.instagram.com\\\/eix_estels\\\/\",\"https:\\\/\\\/www.linkedin.com\\\/company\\\/eix-estels\\\/?originalSubdomain=es\"]}]}<\/script>\n<!-- \/ Yoast SEO plugin. -->","yoast_head_json":{"title":"Pol\u00edtica de Privacidad","description":"Informaci\u00f3n sobre el tratamiento de datos personales y derechos de privacidad seg\u00fan normativa. Lee los detalles aqu\u00ed.","robots":{"index":"noindex","follow":"follow"},"og_locale":"es_ES","og_type":"article","og_title":"Pol\u00edtica de Privacidad","og_description":"Informaci\u00f3n sobre el tratamiento de datos personales y derechos de privacidad seg\u00fan normativa. Lee los detalles aqu\u00ed.","og_url":"https:\/\/estiu.eixestels.com\/es\/politica-de-privacidad\/","og_site_name":"Eix Estels","article_publisher":"https:\/\/www.facebook.com\/eix.estels","article_modified_time":"2026-04-14T08:50:50+00:00","twitter_card":"summary_large_image","twitter_site":"@eixestels","twitter_misc":{"Tiempo de lectura":"10 minutos"},"schema":{"@context":"https:\/\/schema.org","@graph":[{"@type":"WebPage","@id":"https:\/\/estiu.eixestels.com\/es\/politica-de-privacidad\/","url":"https:\/\/estiu.eixestels.com\/es\/politica-de-privacidad\/","name":"Pol\u00edtica de Privacidad","isPartOf":{"@id":"https:\/\/estiu.eixestels.com\/es\/#website"},"datePublished":"2025-10-27T21:15:50+00:00","dateModified":"2026-04-14T08:50:50+00:00","description":"Informaci\u00f3n sobre el tratamiento de datos personales y derechos de privacidad seg\u00fan normativa. Lee los detalles aqu\u00ed.","breadcrumb":{"@id":"https:\/\/estiu.eixestels.com\/es\/politica-de-privacidad\/#breadcrumb"},"inLanguage":"es","potentialAction":[{"@type":"ReadAction","target":["https:\/\/estiu.eixestels.com\/es\/politica-de-privacidad\/"]}]},{"@type":"BreadcrumbList","@id":"https:\/\/estiu.eixestels.com\/es\/politica-de-privacidad\/#breadcrumb","itemListElement":[{"@type":"ListItem","position":1,"name":"Inici","item":"https:\/\/estiu.eixestels.com\/es\/"},{"@type":"ListItem","position":2,"name":"Pol\u00edtica de Privacidad"}]},{"@type":"WebSite","@id":"https:\/\/estiu.eixestels.com\/es\/#website","url":"https:\/\/estiu.eixestels.com\/es\/","name":"Eix Estels","description":"","publisher":{"@id":"https:\/\/estiu.eixestels.com\/es\/#organization"},"potentialAction":[{"@type":"SearchAction","target":{"@type":"EntryPoint","urlTemplate":"https:\/\/estiu.eixestels.com\/es\/?s={search_term_string}"},"query-input":{"@type":"PropertyValueSpecification","valueRequired":true,"valueName":"search_term_string"}}],"inLanguage":"es"},{"@type":"Organization","@id":"https:\/\/estiu.eixestels.com\/es\/#organization","name":"Eix Estels","url":"https:\/\/estiu.eixestels.com\/es\/","logo":{"@type":"ImageObject","inLanguage":"es","@id":"https:\/\/estiu.eixestels.com\/es\/#\/schema\/logo\/image\/","url":"https:\/\/estiu.eixestels.com\/wp-content\/uploads\/2025\/10\/Ee-Eixestels.png","contentUrl":"https:\/\/estiu.eixestels.com\/wp-content\/uploads\/2025\/10\/Ee-Eixestels.png","width":1000,"height":776,"caption":"Eix Estels"},"image":{"@id":"https:\/\/estiu.eixestels.com\/es\/#\/schema\/logo\/image\/"},"sameAs":["https:\/\/www.facebook.com\/eix.estels","https:\/\/x.com\/eixestels","https:\/\/www.youtube.com\/user\/EixEstels","https:\/\/www.instagram.com\/eix_estels\/","https:\/\/www.linkedin.com\/company\/eix-estels\/?originalSubdomain=es"]}]}},"_links":{"self":[{"href":"https:\/\/estiu.eixestels.com\/es\/wp-json\/wp\/v2\/pages\/6846","targetHints":{"allow":["GET"]}}],"collection":[{"href":"https:\/\/estiu.eixestels.com\/es\/wp-json\/wp\/v2\/pages"}],"about":[{"href":"https:\/\/estiu.eixestels.com\/es\/wp-json\/wp\/v2\/types\/page"}],"author":[{"embeddable":true,"href":"https:\/\/estiu.eixestels.com\/es\/wp-json\/wp\/v2\/users\/1"}],"replies":[{"embeddable":true,"href":"https:\/\/estiu.eixestels.com\/es\/wp-json\/wp\/v2\/comments?post=6846"}],"version-history":[{"count":3,"href":"https:\/\/estiu.eixestels.com\/es\/wp-json\/wp\/v2\/pages\/6846\/revisions"}],"predecessor-version":[{"id":9147,"href":"https:\/\/estiu.eixestels.com\/es\/wp-json\/wp\/v2\/pages\/6846\/revisions\/9147"}],"wp:attachment":[{"href":"https:\/\/estiu.eixestels.com\/es\/wp-json\/wp\/v2\/media?parent=6846"}],"curies":[{"name":"wp","href":"https:\/\/api.w.org\/{rel}","templated":true}]}}