{"id":6843,"date":"2025-10-27T21:16:27","date_gmt":"2025-10-27T21:16:27","guid":{"rendered":"https:\/\/estiu.eixestels.com\/condiciones-generales-y-terminos-de-uso\/"},"modified":"2026-03-23T19:38:00","modified_gmt":"2026-03-23T19:38:00","slug":"condiciones-generales-y-terminos-de-uso","status":"publish","type":"page","link":"https:\/\/estiu.eixestels.com\/es\/condiciones-generales-y-terminos-de-uso\/","title":{"rendered":"Condiciones Generales y T\u00e9rminos de uso"},"content":{"rendered":"\t\t<div data-elementor-type=\"wp-page\" data-elementor-id=\"6843\" class=\"elementor elementor-6843 elementor-1159\" data-elementor-post-type=\"page\">\n\t\t\t\t<div class=\"elementor-element elementor-element-2203da6 e-con-full e-flex e-con e-parent\" data-id=\"2203da6\" data-element_type=\"container\" data-e-type=\"container\" data-settings=\"{&quot;background_background&quot;:&quot;gradient&quot;}\">\n\t\t\t\t<div class=\"elementor-element elementor-element-47c184b6 elementor-widget elementor-widget-heading\" data-id=\"47c184b6\" data-element_type=\"widget\" data-e-type=\"widget\" data-widget_type=\"heading.default\">\n\t\t\t\t\t<h1 class=\"elementor-heading-title elementor-size-default\">Condiciones Generales y T\u00e9rminos de Uso<\/h1>\t\t\t\t<\/div>\n\t\t\t\t<\/div>\n\t\t<div class=\"elementor-element elementor-element-55dd2535 e-con-full header-box e-flex e-con e-parent\" data-id=\"55dd2535\" data-element_type=\"container\" data-e-type=\"container\">\n\t\t\t\t<div class=\"elementor-element elementor-element-37cc18dc elementor-widget elementor-widget-heading\" data-id=\"37cc18dc\" data-element_type=\"widget\" data-e-type=\"widget\" data-widget_type=\"heading.default\">\n\t\t\t\t\t<h3 class=\"elementor-heading-title elementor-size-default\">1- Informaci\u00f3n General<\/h3>\t\t\t\t<\/div>\n\t\t\t\t<div class=\"elementor-element elementor-element-5b869170 elementor-widget elementor-widget-text-editor\" data-id=\"5b869170\" data-element_type=\"widget\" data-e-type=\"widget\" data-widget_type=\"text-editor.default\">\n\t\t\t\t\t\t\t\t\t<p data-start=\"278\" data-end=\"606\">La p\u00e1gina web de Eix Estels, as\u00ed como los folletos de promoci\u00f3n de Verano, son los documentos informativos de los campamentos. En estos soportes se incluye informaci\u00f3n sobre los campamentos, duraci\u00f3n, calendario, caracter\u00edsticas de las casas y el alojamiento, aspectos de calidad y seguridad, actividades y precios. <\/p><p data-start=\"608\" data-end=\"901\">El hecho de participar en un campamento implica el conocimiento y aceptaci\u00f3n por parte de los padres de las condiciones generales que se exponen a continuaci\u00f3n, as\u00ed como del horario, la asistencia a las actividades y cualquier otra norma relacionada con la disciplina y desarrollo del campamento.<\/p><p data-start=\"903\" data-end=\"1006\">Cuando el padre, madre o tutor llena la ficha de inscripci\u00f3n, tambi\u00e9n acepta las presentes Condiciones Generales.<\/p>\t\t\t\t\t\t\t\t<\/div>\n\t\t\t\t<div class=\"elementor-element elementor-element-7ade9ff0 elementor-widget elementor-widget-heading\" data-id=\"7ade9ff0\" data-element_type=\"widget\" data-e-type=\"widget\" data-widget_type=\"heading.default\">\n\t\t\t\t\t<h3 class=\"elementor-heading-title elementor-size-default\">2- Los Campamentos Eix Estels<\/h3>\t\t\t\t<\/div>\n\t\t\t\t<div class=\"elementor-element elementor-element-2619eb9 elementor-widget elementor-widget-text-editor\" data-id=\"2619eb9\" data-element_type=\"widget\" data-e-type=\"widget\" data-widget_type=\"text-editor.default\">\n\t\t\t\t\t\t\t\t\t<p data-start=\"1008\" data-end=\"1435\">Los campamentos de verano Eix Estels cumplen con los m\u00e1s altos est\u00e1ndares de calidad en todos los aspectos clave para garantizar el \u00e9xito del campamento. La experiencia propia con una trayectoria de 25 a\u00f1os y el asesoramiento y auditor\u00eda por parte de empresas reconocidas nos permiten ofrecer un servicio de ocio veraniego con toda la calidad y confianza necesarias para proporcionarle el mejor servicio. <\/p><p data-start=\"1437\" data-end=\"1711\"><strong data-start=\"1437\" data-end=\"1451\">SEGURIDAD:<\/strong> Instalaciones para actividades f\u00edsico-deportivas de riesgo auditadas por Ocio Dise\u00f1o, empresa especializada en seguridad, dise\u00f1o de actividades y formaci\u00f3n en ocio educativo infantil, juvenil y familiar. Seguridad conforme a la normativa\/legalizaci\u00f3n vigente. <\/p><p data-start=\"1713\" data-end=\"2119\">Nuestras instalaciones, dirigidas a actividades f\u00edsico-deportivas de riesgo en nuestras casas de campamento Mas Banyeres, La Llobeta y Can Vandrell, est\u00e1n homologadas y cumplen con la normativa de seguridad UNE-EN 15567-1:2015, tal y como lo avala la inspecci\u00f3n realizada por la empresa externa ASES XXI, inspectora 10 a\u00f1os de experiencia.<\/p><p data-start=\"2121\" data-end=\"2469\"><strong data-start=\"2121\" data-end=\"2146\">CALIDAD ALIMENTARIA:<\/strong> Auditor\u00eda constante de todos los procesos de cocina a cargo de la prestigiosa empresa Innocuo. Auditor\u00eda del Instituto de Educaci\u00f3n Nutricional Alim\u00e9ntate de todos los platos de nuestros men\u00fas para que sean saludables, atractivos y, en la medida de lo posible, realizados con alimentos de temporada, proximidad y km 0, eco y RSC. <\/p><p data-start=\"2471\" data-end=\"2986\"><strong data-start=\"2471\" data-end=\"2494\">CALIDAD AMBIENTAL:<\/strong> Realizamos acciones corporativas y colectivas para proteger nuestro medio ambiente. Activamos el programa Pesa y Piensa para concienciarnos sobre el derroche de alimentos dentro del comedor de la casa de campamento. Adoptamos una actitud responsable y cr\u00edtica en el consumo y un esfuerzo por reducir la generaci\u00f3n de residuos, utilizamos compostadoras propias para material org\u00e1nico, aprovechamos aguas reutilizables para regar y eliminamos el uso del pl\u00e1stico en los picnics que preparamos en los campamentos de verano.  <\/p><p data-start=\"2988\" data-end=\"3223\"><strong data-start=\"2988\" data-end=\"2999\">INGL\u00c9S:<\/strong> Los programas de ingl\u00e9s de los campamentos de verano Eix Estels est\u00e1n acreditados y auditados por Chaplin&#8217;s Group Language Consultants, centro oficial preparador y examinador de la Universidad de Cambridge y Trinity College London.<\/p><p data-start=\"3225\" data-end=\"3541\"><strong data-start=\"3225\" data-end=\"3264\">RESPONSABILIDAD SOCIAL CORPORATIVA:<\/strong> Por cada inscripci\u00f3n en los campamentos de verano, Eix Estels har\u00e1 una donaci\u00f3n de 3 \u20ac a la ONG NASCO Feeding Minds para proporcionar alfabetizaci\u00f3n digital a los ni\u00f1os y ni\u00f1as de Ghana para que puedan tener un futuro mejor sin arriesgar su vida intentando migrar hacia un futuro mejor.<\/p>\t\t\t\t\t\t\t\t<\/div>\n\t\t\t\t<div class=\"elementor-element elementor-element-3fe79e31 elementor-widget elementor-widget-heading\" data-id=\"3fe79e31\" data-element_type=\"widget\" data-e-type=\"widget\" data-widget_type=\"heading.default\">\n\t\t\t\t\t<h3 class=\"elementor-heading-title elementor-size-default\">3- Precios<\/h3>\t\t\t\t<\/div>\n\t\t\t\t<div class=\"elementor-element elementor-element-3728d0a0 elementor-widget elementor-widget-text-editor\" data-id=\"3728d0a0\" data-element_type=\"widget\" data-e-type=\"widget\" data-widget_type=\"text-editor.default\">\n\t\t\t\t\t\t\t\t\t<p data-start=\"78\" data-end=\"190\">Los precios de los campamentos est\u00e1n indicados en la p\u00e1gina web, as\u00ed como en el Servicio de Reservas Online.<\/p><p data-start=\"192\" data-end=\"585\">El precio final de los campamentos es un precio para un servicio TODO INCLUIDO. Incluye alojamiento con pensi\u00f3n completa (desayuno, almuerzo, merienda y cena), actividades con monitores, servicio de monitorizaci\u00f3n 24 h, veh\u00edculo de apoyo en caso de urgencia, disponible las 24 horas, seguro de accidentes y de responsabilidad civil, as\u00ed como cualquier traslado o excursi\u00f3n prevista dentro del programa de los campamentos. <\/p><p data-start=\"587\" data-end=\"997\">El precio de los campamentos no incluye los servicios m\u00e9dicos privados en caso de enfermedad ni los medicamentos. Tampoco incluye el transporte en la casa. Los padres\/madres\/tutores son los responsables de llevar y recoger a los participantes a la misma casa de campamento en las fechas y horarios indicados. En caso de necesidad, es necesario consultar la posibilidad de servicio de acompa\u00f1amiento que ofrece Eix Estels y que se paga aparte.   <\/p><p data-start=\"999\" data-end=\"1292\">El hecho de participar en un campamento implica el conocimiento y aceptaci\u00f3n por parte de los padres de las condiciones generales que se exponen a continuaci\u00f3n, as\u00ed como del horario, la asistencia a las actividades y cualquier otra norma relacionada con la disciplina y desarrollo del campamento.<\/p><p data-start=\"1294\" data-end=\"1397\">Cuando el padre, madre o tutor llena la ficha de inscripci\u00f3n, tambi\u00e9n acepta las presentes Condiciones Generales.<\/p>\t\t\t\t\t\t\t\t<\/div>\n\t\t\t\t<div class=\"elementor-element elementor-element-589849ca elementor-widget elementor-widget-heading\" data-id=\"589849ca\" data-element_type=\"widget\" data-e-type=\"widget\" data-widget_type=\"heading.default\">\n\t\t\t\t\t<h3 class=\"elementor-heading-title elementor-size-default\">4 - Ayudas econ\u00f3micas: Descuentos<\/h3>\t\t\t\t<\/div>\n\t\t\t\t<div class=\"elementor-element elementor-element-7825fa1b elementor-widget elementor-widget-text-editor\" data-id=\"7825fa1b\" data-element_type=\"widget\" data-e-type=\"widget\" data-widget_type=\"text-editor.default\">\n\t\t\t\t\t\t\t\t\t<p data-start=\"1479\" data-end=\"1523\"><strong data-start=\"1479\" data-end=\"1523\">VENTAJAS PARA CONTRATAR 2 O M\u00c1S TURNOS:<\/strong><\/p><p data-start=\"1525\" data-end=\"1854\"><strong data-start=\"1525\" data-end=\"1547\">D\u00cdA PUENTE DE REGALO:<\/strong> Entre el final de un turno (s\u00e1bado) y el inicio de otro (domingo), les ofrecemos totalmente gratuito el d\u00eda puente. Un d\u00eda diferente, para disfrutar en grupo peque\u00f1o y con monitores de las actividades recreativas que m\u00e1s les han gustado y salir al pueblo para desconectar y romper un poco con la rutina de los campamentos. <\/p><p data-start=\"1856\" data-end=\"2042\"><strong data-start=\"1856\" data-end=\"1888\">SERVICIO DE LAVANDER\u00cdA GRATUITO:<\/strong> Contrata tantos turnos como quieras pero lleva ropa s\u00f3lo para una semana. Nosotros nos encargamos de dejarles la ropa limpia y lista para cada turno. <\/p><p data-start=\"2044\" data-end=\"2311\"><strong data-start=\"2044\" data-end=\"2077\">TRASLADO ENTRE CASAS GRATUITO:<\/strong> Elige juntar los turnos consecutivos que quieras independientemente de la casa donde se realicen. En caso de que los campamentos contratados se realicen en distintas casas, nos encargamos del traslado entre casa y casa de forma totalmente gratuita. <\/p><p data-start=\"1479\" data-end=\"1523\"><strong data-start=\"1479\" data-end=\"1523\">VENTAJAS PARA CONTRATAR 2 O M\u00c1S TURNOS:<\/strong><\/p><p data-start=\"1525\" data-end=\"1854\"><strong data-start=\"1525\" data-end=\"1547\">D\u00cdA PUENTE DE REGALO:<\/strong> Entre el final de un turno (s\u00e1bado) y el inicio de otro (domingo), les ofrecemos totalmente gratuito el d\u00eda puente. Un d\u00eda diferente, para disfrutar en grupo peque\u00f1o y con monitores de las actividades recreativas que m\u00e1s les han gustado y salir al pueblo para desconectar y romper un poco con la rutina de los campamentos. <\/p><p data-start=\"1856\" data-end=\"2042\"><strong data-start=\"1856\" data-end=\"1888\">SERVICIO DE LAVANDER\u00cdA GRATUITO:<\/strong> Contrata tantos turnos como quieras pero lleva ropa s\u00f3lo para una semana. Nosotros nos encargamos de dejarles la ropa limpia y lista para cada turno. <\/p><p data-start=\"2044\" data-end=\"2311\"><strong data-start=\"2044\" data-end=\"2077\">TRASLADO ENTRE CASAS GRATUITO:<\/strong> Elige juntar los turnos consecutivos que quieras independientemente de la casa donde se realicen. En caso de que los campamentos contratados se realicen en distintas casas, nos encargamos del traslado entre casa y casa de forma totalmente gratuita. <\/p>\t\t\t\t\t\t\t\t<\/div>\n\t\t\t\t<div class=\"elementor-element elementor-element-34401727 elementor-widget elementor-widget-heading\" data-id=\"34401727\" data-element_type=\"widget\" data-e-type=\"widget\" data-widget_type=\"heading.default\">\n\t\t\t\t\t<h3 class=\"elementor-heading-title elementor-size-default\">5- Pago<\/h3>\t\t\t\t<\/div>\n\t\t\t\t<div class=\"elementor-element elementor-element-7277e4b6 elementor-widget elementor-widget-text-editor\" data-id=\"7277e4b6\" data-element_type=\"widget\" data-e-type=\"widget\" data-widget_type=\"text-editor.default\">\n\t\t\t\t\t\t\t\t\t<p data-start=\"99\" data-end=\"238\">Eix Estels ofrece diferentes formas de pago para que pueda escoger la que mejor se adapte a sus necesidades.<\/p><p data-start=\"240\" data-end=\"460\"><strong data-start=\"240\" data-end=\"280\">Pago TOTAL con tarjeta bancaria:<\/strong> Los pagos realizados con tarjeta de cr\u00e9dito pueden ser totales o fraccionados. En caso de realizar el pago total, se hace un \u00fanico cargo del 100% en el momento de realizar la reserva. <\/p><p data-start=\"462\" data-end=\"770\"><strong data-start=\"462\" data-end=\"507\">Pago FRACCIONADO con tarjeta bancaria:<\/strong> En caso de realizar el pago fraccionado, se har\u00e1 un primer cargo del 30% en el momento de realizar la reserva en concepto de paga y se\u00f1al. El resto se cargar\u00e1 en uno o dos cobros m\u00e1s, seg\u00fan el fraccionamiento que aparezca en el contrato de su reserva. <\/p><p data-start=\"772\" data-end=\"1127\">Los datos requeridos ser\u00e1n el n\u00famero completo de la tarjeta y la fecha de caducidad. Las operaciones se realizar\u00e1n a trav\u00e9s del sistema de TPV Virtual de la entidad bancaria Sabadell, que garantiza la confidencialidad de los datos aportados por nuestros clientes. Estos datos no se proporcionan a Eix Estels y s\u00f3lo se utilizar\u00e1n en el momento de realizar el pago.  <\/p>\t\t\t\t\t\t\t\t<\/div>\n\t\t\t\t<div class=\"elementor-element elementor-element-712b8ff8 elementor-widget elementor-widget-heading\" data-id=\"712b8ff8\" data-element_type=\"widget\" data-e-type=\"widget\" data-widget_type=\"heading.default\">\n\t\t\t\t\t<h3 class=\"elementor-heading-title elementor-size-default\">6 - Pol\u00edtica de Cancelaciones y Devoluciones<\/h3>\t\t\t\t<\/div>\n\t\t\t\t<div class=\"elementor-element elementor-element-3bb4c0b5 elementor-widget elementor-widget-text-editor\" data-id=\"3bb4c0b5\" data-element_type=\"widget\" data-e-type=\"widget\" data-widget_type=\"text-editor.default\">\n\t\t\t\t\t\t\t\t\t<p data-start=\"137\" data-end=\"350\">En caso de cancelaci\u00f3n del servicio contratado, deber\u00e1 notificarse por escrito enviando un correo electr\u00f3nico a <span style=\"text-decoration: underline;\"><strong><a class=\"cursor-pointer\" href=\"mailto:novinc@eixestels.com\" rel=\"noopener\" data-start=\"297\" data-end=\"317\">novinc@eixestels.com<\/a><\/strong><\/span> indicando el nombre del participante.<\/p><p data-start=\"352\" data-end=\"769\">De acuerdo con el art\u00edculo 71 del Real decreto legislativo 1\/2007, de 16 de noviembre, por el que se aprueba el texto refundido de la Ley General para la Defensa de los Consumidores y Usuarios, el participante podr\u00e1 desistir del contrato de reserva en un plazo de 14 d\u00edas naturales despu\u00e9s del momento de realizar la reserva del servicio. En este caso, el participante tendr\u00e1 derecho a la devoluci\u00f3n del 100% del importe pagado hasta ese momento. <\/p><p data-start=\"771\" data-end=\"1024\">Transcurridos estos primeros 14 d\u00edas y hasta 45 d\u00edas antes del inicio de las colonias, el participante tendr\u00e1 derecho a la devoluci\u00f3n de las cantidades abonadas, excepto 50\u20ac en concepto de gastos de gesti\u00f3n, siempre que las causas de cancelaci\u00f3n sean:<\/p><ul data-start=\"1026\" data-end=\"1563\"><li data-start=\"1026\" data-end=\"1207\"><p data-start=\"1028\" data-end=\"1207\">Enfermedad sobrevenida (f\u00edsica o psicol\u00f3gica) que haga prever que no estar\u00e1 en condiciones \u00f3ptimas para iniciar el programa. Deber\u00e1 presentarse documentaci\u00f3n oficial acreditada. <\/p><\/li><li data-start=\"1208\" data-end=\"1318\"><p data-start=\"1210\" data-end=\"1318\">Programaci\u00f3n de operaci\u00f3n quir\u00fargica y pruebas m\u00e9dicas. Deber\u00e1 presentarse documentaci\u00f3n oficial acreditada. <\/p><\/li><li data-start=\"1319\" data-end=\"1432\"><p data-start=\"1321\" data-end=\"1432\">Cambio de domicilio fuera de Catalu\u00f1a de los padres o tutores, ocurrido despu\u00e9s de la formalizaci\u00f3n de la reserva.<\/p><\/li><li data-start=\"1433\" data-end=\"1563\"><p data-start=\"1435\" data-end=\"1563\">Enfermedad grave o fallecimiento de los padres o tutores legales despu\u00e9s de la reserva. Deber\u00e1 presentarse documentaci\u00f3n oficial acreditada. <\/p><\/li><\/ul><p data-start=\"1565\" data-end=\"1695\"><strong data-start=\"1565\" data-end=\"1599\">UNA VEZ INICIADAS LAS COLONIAS:<\/strong> Reembolso del 45% de los d\u00edas no disfrutados del campamento en caso de retorno anticipado justificado.<\/p>\t\t\t\t\t\t\t\t<\/div>\n\t\t\t\t<div class=\"elementor-element elementor-element-1052916b elementor-widget elementor-widget-heading\" data-id=\"1052916b\" data-element_type=\"widget\" data-e-type=\"widget\" data-widget_type=\"heading.default\">\n\t\t\t\t\t<h3 class=\"elementor-heading-title elementor-size-default\">7 - Modificaci\u00f3n y Anulaci\u00f3n de las Colonias (No aplica por motivos COVID-19)<\/h3>\t\t\t\t<\/div>\n\t\t\t\t<div class=\"elementor-element elementor-element-2f589a8a elementor-widget elementor-widget-text-editor\" data-id=\"2f589a8a\" data-element_type=\"widget\" data-e-type=\"widget\" data-widget_type=\"text-editor.default\">\n\t\t\t\t\t\t\t\t\t<p data-start=\"173\" data-end=\"412\">Eix Estels se reserva el derecho de modificar, anular o ampliar cualquier aspecto relacionado con las colonias y el n\u00famero de plazas en los siguientes supuestos:<\/p><ul data-start=\"414\" data-end=\"844\"><li data-start=\"414\" data-end=\"458\"><p data-start=\"416\" data-end=\"458\">No se alcance el m\u00ednimo de participantes.<\/p><\/li><li data-start=\"459\" data-end=\"669\"><p data-start=\"461\" data-end=\"669\">Por causa de fuerza mayor, entendiendo como tales aquellas circunstancias ajenas, anormales e imprevisibles, cuyas consecuencias no se hayan podido evitar a pesar de haber actuado con la debida diligencia.<\/p><\/li><li data-start=\"670\" data-end=\"844\"><p data-start=\"672\" data-end=\"844\">Por alteraci\u00f3n por parte de los proveedores de los servicios, que impidan la correcta prestaci\u00f3n del servicio contratado en las \u00f3ptimas condiciones por parte de la Fundaci\u00f3n Montblanc.<\/p><\/li><\/ul><p data-start=\"846\" data-end=\"1018\">En estos casos siempre se ofrecer\u00e1n alternativas o se devolver\u00e1 el 100% del importe abonado. No aplica a modificaciones o anulaciones por causas relacionadas con la COVID-19. <\/p><hr data-start=\"1020\" data-end=\"1023\"><p data-start=\"1025\" data-end=\"1100\"><strong data-start=\"1025\" data-end=\"1100\"> <\/strong><\/p><p data-start=\"1025\" data-end=\"1100\"><strong data-start=\"1025\" data-end=\"1100\">Condiciones Especiales de Cancelaci\u00f3n por Motivos Derivados de la COVID-19<\/strong><\/p><ul data-start=\"1102\" data-end=\"1620\"><li data-start=\"1102\" data-end=\"1363\"><p data-start=\"1104\" data-end=\"1363\">En caso de cancelaci\u00f3n de la actividad antes de su inicio por confinamiento territorial, prohibici\u00f3n de realizaci\u00f3n de colonias de verano o cuarentena derivada de la COVID-19, se garantiza la devoluci\u00f3n total del importe abonado, excepto 50\u20ac por gastos de gesti\u00f3n.<\/p><\/li><li data-start=\"1365\" data-end=\"1620\"><p data-start=\"1367\" data-end=\"1620\">En caso de cancelaci\u00f3n de la actividad despu\u00e9s de su inicio por confinamiento territorial, prohibici\u00f3n de realizaci\u00f3n de colonias de verano o cuarentena derivada de la COVID-19, se garantiza la devoluci\u00f3n del 50% del total de los d\u00edas no disfrutados de la actividad.<\/p><\/li><\/ul><div> <\/div><hr data-start=\"1622\" data-end=\"1625\"><p data-start=\"1627\" data-end=\"1656\"><strong data-start=\"1627\" data-end=\"1656\"> <\/strong><\/p><p data-start=\"1627\" data-end=\"1656\"><strong data-start=\"1627\" data-end=\"1656\">Modificaci\u00f3n de la Reserva<\/strong><\/p><p data-start=\"1658\" data-end=\"2057\">Transcurridos los primeros 14 d\u00edas despu\u00e9s de efectuar la reserva de los servicios, se podr\u00e1n realizar cambios en la reserva, ya sea de nombre o de turno. Los cambios no implicar\u00e1n la p\u00e9rdida de cantidad abonada, pero el total de la reserva se actualizar\u00e1 seg\u00fan los precios del nuevo turno contratado (si se aplica a la tarifa). Adem\u00e1s, se aplicar\u00e1 un cargo extra de 30\u20ac en concepto de modificaci\u00f3n de reserva.  <\/p><hr data-start=\"2059\" data-end=\"2062\"><p data-start=\"2064\" data-end=\"2106\"><strong data-start=\"2064\" data-end=\"2106\"> <\/strong><\/p><p data-start=\"2064\" data-end=\"2106\"><strong data-start=\"2064\" data-end=\"2106\">Cobertura B\u00e1sica Incluida en la Reserva<\/strong><\/p><p data-start=\"2108\" data-end=\"2173\">La tarifa de las colonias incluye una cobertura b\u00e1sica que abarca:<\/p><p data-start=\"2175\" data-end=\"2212\"><strong data-start=\"2175\" data-end=\"2212\">ANTES DEL INICIO DE LAS COLONIAS:<\/strong><\/p><ul data-start=\"2214\" data-end=\"2580\"><li data-start=\"2214\" data-end=\"2399\"><p data-start=\"2216\" data-end=\"2399\">Hasta 45 d\u00edas antes del inicio de las colonias: Cancelaci\u00f3n por causa de fuerza mayor justificada: reembolso TOTAL de los importes abonados (descontado 50\u20ac por gastos de gesti\u00f3n).<\/p><\/li><li data-start=\"2400\" data-end=\"2580\"><p data-start=\"2402\" data-end=\"2580\">Cancelaci\u00f3n del campamento por motivos de confinamiento, prohibici\u00f3n de la actividad o imperativo legal: devoluci\u00f3n TOTAL de los importes abonados (descontado 50\u20ac por gastos de gesti\u00f3n).<\/p><\/li><\/ul><p data-start=\"2582\" data-end=\"2616\"><strong data-start=\"2582\" data-end=\"2616\">UNA VEZ INICIADAS LAS COLONIAS:<\/strong><\/p><ul data-start=\"2618\" data-end=\"2715\"><li data-start=\"2618\" data-end=\"2715\"><p data-start=\"2620\" data-end=\"2715\">Reembolso del 45% de los d\u00edas no disfrutados del campamento en caso de retorno anticipado justificado.<\/p><\/li><\/ul><div> <\/div><div> <\/div><hr data-start=\"2717\" data-end=\"2720\"><p data-start=\"2722\" data-end=\"2789\"><strong data-start=\"2722\" data-end=\"2789\"> <\/strong><\/p><p data-start=\"2722\" data-end=\"2789\"><strong data-start=\"2722\" data-end=\"2789\">Cobertura Ampliada \u2013 Seguro de Cobertura Premium (BY RACE)<\/strong><\/p><p data-start=\"2791\" data-end=\"2887\">En el momento de realizar la reserva, se podr\u00e1 contratar una cobertura ampliada opcional, que incluye:<\/p><p data-start=\"2889\" data-end=\"2926\"><strong data-start=\"2889\" data-end=\"2926\">ANTES DEL INICIO DE LAS COLONIAS:<\/strong><\/p><p data-start=\"2928\" data-end=\"2993\">Reembolso TOTAL de los importes abonados sin l\u00edmite de fecha por:<\/p><ul data-start=\"2995\" data-end=\"3281\"><li data-start=\"2995\" data-end=\"3084\"><p data-start=\"2997\" data-end=\"3084\">Enfermedad grave, accidente o fallecimiento del asegurado, padres, hermanos, tutores o abuelos.<\/p><\/li><li data-start=\"3085\" data-end=\"3158\"><p data-start=\"3087\" data-end=\"3158\">Positivo por COVID-19 6 o menos d\u00edas antes del inicio de los campamentos.<\/p><\/li><li data-start=\"3159\" data-end=\"3244\"><p data-start=\"3161\" data-end=\"3244\">Concesi\u00f3n de beca oficial para participar en los campamentos en las mismas fechas.<\/p><\/li><li data-start=\"3245\" data-end=\"3281\"><p data-start=\"3247\" data-end=\"3281\">Suspensi\u00f3n de 4 o m\u00e1s asignaturas.<\/p><\/li><\/ul><p data-start=\"3283\" data-end=\"3317\"><strong data-start=\"3283\" data-end=\"3317\">UNA VEZ INICIADAS LAS COLONIAS:<\/strong><\/p><ul data-start=\"3319\" data-end=\"3414\"><li data-start=\"3319\" data-end=\"3414\"><p data-start=\"3321\" data-end=\"3414\">Reembolso TOTAL de los d\u00edas no disfrutados del campamento en caso de retorno anticipado justificado.<\/p><\/li><\/ul><p data-start=\"3416\" data-end=\"3457\"><strong data-start=\"3416\" data-end=\"3457\">Garant\u00edas de Asistencia M\u00e9dica Extra:<\/strong><\/p><ul data-start=\"3459\" data-end=\"3845\"><li data-start=\"3459\" data-end=\"3495\"><p data-start=\"3461\" data-end=\"3495\">Repatriaci\u00f3n o traslado sanitario.<\/p><\/li><li data-start=\"3496\" data-end=\"3574\"><p data-start=\"3498\" data-end=\"3574\">Prestaciones sanitarias y farmac\u00e9uticas hasta 500\u20ac (franquicia de 16\u20ac).<\/p><\/li><li data-start=\"3575\" data-end=\"3632\"><p data-start=\"3577\" data-end=\"3632\">Alojamiento por prolongaci\u00f3n de estancia (m\u00e1ximo 10 d\u00edas).<\/p><\/li><li data-start=\"3633\" data-end=\"3768\"><p data-start=\"3635\" data-end=\"3768\">Billete de ida\/vuelta y alojamiento de un acompa\u00f1ante mientras dure la prolongaci\u00f3n de la estancia o la hospitalizaci\u00f3n (m\u00e1ximo 10 d\u00edas).<\/p><\/li><li data-start=\"3769\" data-end=\"3845\"><p data-start=\"3771\" data-end=\"3845\">Telemedicina: llamadas online con el m\u00e9dico y los padres\/tutores del menor.<\/p><\/li><\/ul><p data-start=\"3847\" data-end=\"3857\"><strong data-start=\"3847\" data-end=\"3857\">Adem\u00e1s:<\/strong><\/p><ul data-start=\"3859\" data-end=\"4043\"><li data-start=\"3859\" data-end=\"4043\"><p data-start=\"3861\" data-end=\"4043\">Seguro de Responsabilidad Civil Privada hasta 6.000 \u20ac (franquicia de 150 \u20ac) por da\u00f1os causados \u200b\u200bpor el participante durante los campamentos (excepto vandalismo o causas intencionadas).<\/p><\/li><\/ul>\t\t\t\t\t\t\t\t<\/div>\n\t\t\t\t<div class=\"elementor-element elementor-element-496dfd85 elementor-widget elementor-widget-heading\" data-id=\"496dfd85\" data-element_type=\"widget\" data-e-type=\"widget\" data-widget_type=\"heading.default\">\n\t\t\t\t\t<h3 class=\"elementor-heading-title elementor-size-default\">8 - Tel\u00e9fonos M\u00f3viles y Llamadas<\/h3>\t\t\t\t<\/div>\n\t\t\t\t<div class=\"elementor-element elementor-element-57303be4 elementor-widget elementor-widget-text-editor\" data-id=\"57303be4\" data-element_type=\"widget\" data-e-type=\"widget\" data-widget_type=\"text-editor.default\">\n\t\t\t\t\t\t\t\t\t<p data-start=\"117\" data-end=\"476\"><strong data-start=\"154\" data-end=\"188\">NI\u00d1OS\/AS HASTA 6\u00ba DE PRIMARIA:<\/strong> Cada casa de colonias organiza esta comunicaci\u00f3n estableciendo un d\u00eda para que los ni\u00f1os puedan llamar a la familia. El d\u00eda y hora en que sus hijos\/as podr\u00e1n llamarle ser\u00e1 comunicado justo al ingresar en la casa, aunque por norma general, la llamada se realizar\u00e1 el mi\u00e9rcoles. <\/p><p data-start=\"478\" data-end=\"668\"><strong data-start=\"478\" data-end=\"496\">NI\u00d1OS\/AS DE ESO:<\/strong> Cada d\u00eda, a la hora de la merienda, se entregar\u00e1n los tel\u00e9fonos m\u00f3viles durante media hora (aproximadamente de 16:30 a 17:00 horas) para que los chicos\/as puedan llamar y comunicarse.<\/p><p data-start=\"670\" data-end=\"893\">En caso de llevar tel\u00e9fono m\u00f3vil, estos dispositivos ser\u00e1n entregados a los monitores responsables, quienes los guardar\u00e1n y custodiar\u00e1n durante las colonias. S\u00f3lo se entregar\u00e1n y permitir\u00e1n su uso seg\u00fan las indicaciones establecidas. <\/p>\t\t\t\t\t\t\t\t<\/div>\n\t\t\t\t<div class=\"elementor-element elementor-element-2df97745 elementor-widget elementor-widget-heading\" data-id=\"2df97745\" data-element_type=\"widget\" data-e-type=\"widget\" data-widget_type=\"heading.default\">\n\t\t\t\t\t<h3 class=\"elementor-heading-title elementor-size-default\">9 - P\u00e9rdida de Objetos<\/h3>\t\t\t\t<\/div>\n\t\t\t\t<div class=\"elementor-element elementor-element-3f4bbaa elementor-widget elementor-widget-text-editor\" data-id=\"3f4bbaa\" data-element_type=\"widget\" data-e-type=\"widget\" data-widget_type=\"text-editor.default\">\n\t\t\t\t\t\t\t\t\t<p data-start=\"158\" data-end=\"345\">Eix Estels no se hace responsable de los objetos que los participantes puedan perder o da\u00f1ar durante las colonias. Por tanto, recomendamos no llevar objetos de valor. <\/p>\t\t\t\t\t\t\t\t<\/div>\n\t\t\t\t<div class=\"elementor-element elementor-element-6cabf5f8 elementor-widget elementor-widget-heading\" data-id=\"6cabf5f8\" data-element_type=\"widget\" data-e-type=\"widget\" data-widget_type=\"heading.default\">\n\t\t\t\t\t<h3 class=\"elementor-heading-title elementor-size-default\">10 - Normas de Comportamiento y Expulsiones<\/h3>\t\t\t\t<\/div>\n\t\t\t\t<div class=\"elementor-element elementor-element-5678d562 elementor-widget elementor-widget-text-editor\" data-id=\"5678d562\" data-element_type=\"widget\" data-e-type=\"widget\" data-widget_type=\"text-editor.default\">\n\t\t\t\t\t\t\t\t\t<p data-start=\"352\" data-end=\"661\">Los participantes se comprometen a respetar los horarios, asistir a las actividades, cumplir con las normas de conducta y convivencia con los responsables, monitores y compa\u00f1eros, as\u00ed como las normas generales, incluyendo la prohibici\u00f3n del consumo de tabaco, alcohol, etc.<\/p><p data-start=\"663\" data-end=\"1040\">En caso de incumplimiento grave de las normas o reiteraci\u00f3n de un mal comportamiento, el participante podr\u00e1 ser expulsado de la colonia. En tal caso, el participante o el representante legal deber\u00e1 asumir los gastos de transporte y las indemnizaciones por los da\u00f1os y perjuicios a terceros que haya podido ocasionar. En ning\u00fan caso se devolver\u00e1 el importe de las colonias por motivo de expulsi\u00f3n.  <\/p>\t\t\t\t\t\t\t\t<\/div>\n\t\t\t\t<div class=\"elementor-element elementor-element-555e8883 elementor-widget elementor-widget-heading\" data-id=\"555e8883\" data-element_type=\"widget\" data-e-type=\"widget\" data-widget_type=\"heading.default\">\n\t\t\t\t\t<h3 class=\"elementor-heading-title elementor-size-default\">11 - Reserva, Inscripci\u00f3n y Participaci\u00f3n<\/h3>\t\t\t\t<\/div>\n\t\t\t\t<div class=\"elementor-element elementor-element-2c83d863 elementor-widget elementor-widget-text-editor\" data-id=\"2c83d863\" data-element_type=\"widget\" data-e-type=\"widget\" data-widget_type=\"text-editor.default\">\n\t\t\t\t\t\t\t\t\t<p data-start=\"124\" data-end=\"245\">Puedes reservar tus colonias a trav\u00e9s de los distintos canales habilitados:<\/p><ul data-start=\"247\" data-end=\"538\"><li data-start=\"247\" data-end=\"326\"><p data-start=\"249\" data-end=\"326\"><strong data-start=\"249\" data-end=\"260\">ONLINE:<\/strong> Compra online en nuestra web (pago con tarjeta de cr\u00e9dito).<\/p><\/li><li data-start=\"327\" data-end=\"361\"><p data-start=\"329\" data-end=\"361\"><strong data-start=\"329\" data-end=\"345\">POR TEL\u00c9FONO:<\/strong> 93 265 27 86.<\/p><\/li><li data-start=\"362\" data-end=\"538\"><p data-start=\"364\" data-end=\"538\"><strong data-start=\"364\" data-end=\"381\">PERSONALMENTE:<\/strong> Paseo del Taulat 235, Barcelona (de lunes a viernes de 8:00 a 19:00 h) \/ Rambla Camp del Agua, Centelles (de lunes a viernes de 8:00 a 13:30 h).<\/p><\/li><\/ul><p data-start=\"540\" data-end=\"851\">La reserva quedar\u00e1 100% confirmada y dar\u00e1 derecho a la participaci\u00f3n en el servicio contratado una vez realizado el pago total. Para el pago del servicio, se ofrecen diferentes modalidades que puedes elegir seg\u00fan tus necesidades, tal y como se especifica en el apartado de T\u00e9rminos de Uso del Servicio de Reservas. <\/p><p data-start=\"853\" data-end=\"1040\">Para participar en las colonias, adem\u00e1s de haber completado el pago total antes de las fechas indicadas, es necesario completar la ficha de inscripci\u00f3n y firmar las pertinentes autorizaciones.<\/p><p data-start=\"1042\" data-end=\"1197\">En caso de no cumplir con alguno de estos dos requisitos, el participante NO podr\u00e1 participar en las colonias y NO tendr\u00e1 derecho a devoluci\u00f3n de los importes pagados.<\/p><p data-start=\"1199\" data-end=\"1401\">El n\u00famero de plazas es limitado. El grupo de participantes se cerrar\u00e1 en el momento en que se complete este n\u00famero, independientemente de la fecha. Una vez cubiertas todas las plazas, se abrir\u00e1 una lista de espera.  <\/p>\t\t\t\t\t\t\t\t<\/div>\n\t\t\t\t<div class=\"elementor-element elementor-element-538c976a elementor-widget elementor-widget-heading\" data-id=\"538c976a\" data-element_type=\"widget\" data-e-type=\"widget\" data-widget_type=\"heading.default\">\n\t\t\t\t\t<h3 class=\"elementor-heading-title elementor-size-default\">12 - T\u00e9rminos de Uso del Servicio de Reservas y Contrataci\u00f3n Online de Eix Estels<\/h3>\t\t\t\t<\/div>\n\t\t\t\t<div class=\"elementor-element elementor-element-6a759261 elementor-widget elementor-widget-text-editor\" data-id=\"6a759261\" data-element_type=\"widget\" data-e-type=\"widget\" data-widget_type=\"text-editor.default\">\n\t\t\t\t\t\t\t\t\t<p data-start=\"162\" data-end=\"371\"><strong data-start=\"243\" data-end=\"313\">Aceptaci\u00f3n y Disponibilidad de los T\u00e9rminos de Uso y Condiciones Generales<\/strong><br data-start=\"313\" data-end=\"316\"> Mediante la aceptaci\u00f3n del contrato, usted declara:<\/p><ul data-start=\"372\" data-end=\"519\"><li data-start=\"372\" data-end=\"439\"><p data-start=\"374\" data-end=\"439\">Que es una persona mayor de edad y con capacidad para contratar,<\/p><\/li><li data-start=\"440\" data-end=\"519\"><p data-start=\"442\" data-end=\"519\">Que ha le\u00eddo y acepta los presentes T\u00e9rminos y Condiciones Generales del Servicio.<\/p><\/li><\/ul><p data-start=\"521\" data-end=\"1313\">Estos T\u00e9rminos regulan la relaci\u00f3n jur\u00eddica que emana de los procesos de contrataci\u00f3n realizados entre los usuarios-clientes (en adelante, \u00ablos Clientes\u00bb) de la p\u00e1gina web de comercio electr\u00f3nico ubicada en la URL <a class=\"\" href=\"http:\/\/www.eixestels.com\" target=\"_new\" rel=\"noopener\" data-start=\"729\" data-end=\"753\">http:\/\/www.eixestels.com<\/a> , propiedad de EIX ESTELS SL Los Usuarios aceptan los T\u00e9rminos desde el momento en que utilizan, contratan o adquieren. Este documento puede ser impreso y almacenado por los Clientes. Por su parte, EIX ESTELS SL, ante cualquier modificaci\u00f3n de los presentes T\u00e9rminos, respetar\u00e1 siempre a los que el usuario haya aceptado en el momento de realizar la compra, por lo que pone a disposici\u00f3n de \u00e9stos la direcci\u00f3n de correo electr\u00f3nico <a class=\"cursor-pointer\" rel=\"noopener\" data-start=\"1191\" data-end=\"1209\">lopd@eixestels.com<\/a> , para que puedan plantear cualquier duda sobre los T\u00e9rminos o solicitarnos una copia en caso de p\u00e9rdida.  <\/p><p data-start=\"1315\" data-end=\"2027\"><strong data-start=\"1315\" data-end=\"1336\">Normas Aplicables<\/strong><br data-start=\"1336\" data-end=\"1339\"> Los presentes T\u00e9rminos est\u00e1n sujetos a lo dispuesto en la Ley 7\/1998, de 13 de abril, sobre Condiciones de Contrataci\u00f3n; en el Real decreto legislativo 1\/2007, de 16 de noviembre, por el que se aprueba el texto refundido de la Ley General para la Defensa de los Consumidores y Usuarios; en el Real decreto 1906\/1999, de 17 de diciembre, que regula la Contrataci\u00f3n Telef\u00f3nica o Electr\u00f3nica con condiciones; en la Ley Org\u00e1nica 15\/1999, de 13 de diciembre, de Protecci\u00f3n de Datos de Car\u00e1cter Personal; en la Ley 7\/1996, de 15 de enero, de Ordenaci\u00f3n del Comercio Minorista reformada por la Ley 47\/2002, de 19 de diciembre; y en la Ley 34\/2002, de 11 de julio, de Servicios de la Sociedad de la Informaci\u00f3n y Comercio Electr\u00f3nico.<\/p><p data-start=\"2029\" data-end=\"2472\"><strong data-start=\"2029\" data-end=\"2056\">Modificaci\u00f3n de los T\u00e9rminos<\/strong><br data-start=\"2056\" data-end=\"2059\"> EIX ESTELS SL podr\u00e1 modificar los T\u00e9rminos notific\u00e1ndolo a los Clientes con antelaci\u00f3n suficiente, con el fin de mejorar los servicios y productos ofrecidos a trav\u00e9s de <a class=\"\" href=\"http:\/\/www.eixestels.com\" target=\"_new\" rel=\"noopener\" data-start=\"2225\" data-end=\"2242\">www.eixestels.com<\/a> . Mediante la modificaci\u00f3n de los T\u00e9rminos expuestos en la p\u00e1gina web <a class=\"\" href=\"http:\/\/www.eixestels.com\" target=\"_new\" rel=\"noopener\" data-start=\"2307\" data-end=\"2324\">www.eixestels.com<\/a> , se entender\u00e1 cumplido este deber de notificaci\u00f3n. En cualquier caso, antes de utilizar los servicios o contratar productos, se podr\u00e1n consultar los T\u00e9rminos.  <\/p><p data-start=\"2474\" data-end=\"2859\"><strong data-start=\"2474\" data-end=\"2499\">Modificaci\u00f3n de datos:<\/strong><br data-start=\"2499\" data-end=\"2502\"> Toda modificaci\u00f3n o cambio de los datos asociados a tu perfil de registro en EIX ESTELS SL la podr\u00e1s realizar accediendo a tu cuenta y modific\u00e1ndolos en el apartado &#8216;Datos&#8217;. Asimismo, EIX ESTELS SL pone a tu disposici\u00f3n la direcci\u00f3n de correo electr\u00f3nico <a class=\"cursor-pointer\" rel=\"noopener\" data-start=\"2761\" data-end=\"2779\">lopd@eixestels.com<\/a> para que puedas ejercitar los derechos de acceso, rectificaci\u00f3n, cancelaci\u00f3n y oposici\u00f3n. <\/p>\t\t\t\t\t\t\t\t<\/div>\n\t\t\t\t<div class=\"elementor-element elementor-element-39448a76 elementor-widget elementor-widget-heading\" data-id=\"39448a76\" data-element_type=\"widget\" data-e-type=\"widget\" data-widget_type=\"heading.default\">\n\t\t\t\t\t<h3 class=\"elementor-heading-title elementor-size-default\">T\u00e9rminos Generales de la Reserva\n<\/h3>\t\t\t\t<\/div>\n\t\t\t\t<div class=\"elementor-element elementor-element-5f682560 elementor-widget elementor-widget-text-editor\" data-id=\"5f682560\" data-element_type=\"widget\" data-e-type=\"widget\" data-widget_type=\"text-editor.default\">\n\t\t\t\t\t\t\t\t\t<p data-start=\"211\" data-end=\"1601\">En caso de que no sea posible realizar el pago en las fechas de vencimiento indicadas, ser\u00e1 necesario comunicarlo a su comercial de referencia.<br data-start=\"397\" data-end=\"400\"> Recuerde que en las fechas de vencimiento indicadas en el contrato de su reserva, se realizar\u00e1n los cargos correspondientes. Si prev\u00e9 que no ser\u00e1 posible realizarlos en estas fechas, deber\u00e1 comunicarlo al comercial correspondiente. <br data-start=\"641\" data-end=\"644\">En caso de que el recibo nos sea devuelto, ser\u00e1 necesario prever que, previa comunicaci\u00f3n telef\u00f3nica y en un plazo no superior a 10 d\u00edas, volveremos a realizar el cargo sumando el importe de los gastos por el retorno.<br data-start=\"851\" data-end=\"854\">Todos los da\u00f1os ocasionados por el grupo, tanto en las instalaciones de la casa de colonias como en sus inmediaciones, correr\u00e1n a cargo de los responsables de la estancia.<br data-start=\"1008\" data-end=\"1011\">Todos los gastos m\u00e9dicos y responsabilidades civiles que no deriven de un acto negligente o imprudente por parte de Eix Estels o del personal a su servicio, ir\u00e1n a cargo del grupo o escuela contratante.<br data-start=\"1210\" data-end=\"1213\">En caso de que la casa de colonias contratada no pueda ser ocupada por causas de fuerza mayor, Eix Estels se compromete a encontrar otra casa con caracter\u00edsticas y condiciones similares.<br data-start=\"1395\" data-end=\"1398\">Para realizar la reserva de los servicios contratados ser\u00e1 necesario realizar el pago y se\u00f1al en la fecha indicada. En caso de anulaci\u00f3n de la reserva de la estancia, no se devolver\u00e1 el importe de la paga y se\u00f1al. <\/p>\t\t\t\t\t\t\t\t<\/div>\n\t\t\t\t<div class=\"elementor-element elementor-element-112b4eea elementor-widget elementor-widget-heading\" data-id=\"112b4eea\" data-element_type=\"widget\" data-e-type=\"widget\" data-widget_type=\"heading.default\">\n\t\t\t\t\t<h3 class=\"elementor-heading-title elementor-size-default\">Propiedad Intelectual\n<\/h3>\t\t\t\t<\/div>\n\t\t\t\t<div class=\"elementor-element elementor-element-75b37338 elementor-widget elementor-widget-text-editor\" data-id=\"75b37338\" data-element_type=\"widget\" data-e-type=\"widget\" data-widget_type=\"text-editor.default\">\n\t\t\t\t\t\t\t\t\t<p data-start=\"1608\" data-end=\"2381\">Los contenidos suministrados por EIX ESTELS SL est\u00e1n sujetos a los derechos de propiedad intelectual e industrial y son titularidad exclusiva de EIX ESTELS SL Mediante la adquisici\u00f3n de un producto o servicio, EIX ESTELS SL no confiere a quien lo adquiere ning\u00fan derecho de alteraci\u00f3n, explotaci\u00f3n, reproducci\u00f3n, distribuci\u00f3n o comunicaci\u00f3n p\u00fablica sobre el mismo, reserv\u00e1ndose EIX ESTELS SL. La cesi\u00f3n de los citados derechos requerir\u00e1 el previo consentimiento por escrito de EIX ESTELS SL El cliente no podr\u00e1 poner a disposici\u00f3n de terceras personas estos contenidos. La propiedad intelectual se extiende, adem\u00e1s del contenido incluido en EIX ESTELS SL, a sus gr\u00e1ficos, logotipos, dise\u00f1o, im\u00e1genes y c\u00f3digo fuente utilizado para su programaci\u00f3n.  <\/p>\t\t\t\t\t\t\t\t<\/div>\n\t\t\t\t<div class=\"elementor-element elementor-element-2e2af19e elementor-widget elementor-widget-heading\" data-id=\"2e2af19e\" data-element_type=\"widget\" data-e-type=\"widget\" data-widget_type=\"heading.default\">\n\t\t\t\t\t<h3 class=\"elementor-heading-title elementor-size-default\">Uso del Servicio de Reservas y Responsabilidades\n<\/h3>\t\t\t\t<\/div>\n\t\t\t\t<div class=\"elementor-element elementor-element-29c4668a elementor-widget elementor-widget-text-editor\" data-id=\"29c4668a\" data-element_type=\"widget\" data-e-type=\"widget\" data-widget_type=\"text-editor.default\">\n\t\t\t\t\t\t\t\t\t<p data-start=\"2388\" data-end=\"2613\">EIX ESTELS SL no se hace responsable del contenido de los enlaces a otras p\u00e1ginas web que no sean de su titularidad y que, por tanto, no pueden ser controladas por ella.<\/p><p data-start=\"2615\" data-end=\"3590\"><strong data-start=\"2615\" data-end=\"2671\">Errores en las conexiones, caso fortuito y fuerza mayor:<\/strong><br data-start=\"2671\" data-end=\"2674\"> EIX ESTELS SL no ser\u00e1 responsable de los errores, retrasos en el acceso, retrasos en el sistema o cualquier anomal\u00eda que pueda surgir en relaci\u00f3n con problemas de car\u00e1cter general en la red de Internet, causas de caso fortuito o fuerza mayor o cualquier otra contingencia totalmente imprevisible y, por tanto, ajena a la buena fe de la empresa. EIX ESTELS SL se compromete a tratar de solucionar estas incidencias poniendo todos los medios a su alcance y ofreciendo todo el apoyo necesario al USUARIO para solucionarlas de la forma m\u00e1s r\u00e1pida y satisfactoria posible. Asimismo, EIX ESTELS SL no ser\u00e1 responsable de los errores que por estos motivos se puedan producir en las comunicaciones, borrado o transacciones incompletas, por lo que no garantiza que el sitio web est\u00e9 operativo en todo momento cuando se trate de cuestiones no imputables a EIX ESTELS SL que \u00e9sta no pueda resolver con los medios a su alcance.  <\/p><p data-start=\"3592\" data-end=\"4070\"><strong data-start=\"3592\" data-end=\"3612\">Uso del sitio web:<\/strong><br data-start=\"3612\" data-end=\"3615\"> EIX ESTELS SL no ser\u00e1 responsable en ning\u00fan caso de los errores o da\u00f1os producidos por el uso ineficiente y de mala fe del servicio por parte del usuario. Tampoco ser\u00e1 responsable EIX ESTELS SL de las consecuencias mayores o menores por la falta de comunicaci\u00f3n entre EIX ESTELS SL y el usuario cuando sea imputable al mal funcionamiento del correo electr\u00f3nico facilitado oa la falsedad de los datos proporcionados por el usuario en el registro de usuario a <a class=\"cursor-pointer\" rel=\"noopener\" data-start=\"4051\" data-end=\"4069\">lopd@eixestels.com<\/a> . <\/p><p data-start=\"4072\" data-end=\"4303\"><strong data-start=\"4072\" data-end=\"4092\">Responsabilidad:<\/strong><br data-start=\"4092\" data-end=\"4095\"> EIX ESTELS SL asume las responsabilidades que puedan derivarse de la prestaci\u00f3n de los servicios que ofrece dentro de los l\u00edmites y tal y como se especifica en los diferentes T\u00e9rminos que se ponen a disposici\u00f3n del USUARIO.<\/p>\t\t\t\t\t\t\t\t<\/div>\n\t\t\t\t<div class=\"elementor-element elementor-element-5e3c2fa3 elementor-widget elementor-widget-heading\" data-id=\"5e3c2fa3\" data-element_type=\"widget\" data-e-type=\"widget\" data-widget_type=\"heading.default\">\n\t\t\t\t\t<h3 class=\"elementor-heading-title elementor-size-default\">Privacidad y Protecci\u00f3n de Datos Personales\n<\/h3>\t\t\t\t<\/div>\n\t\t\t\t<div class=\"elementor-element elementor-element-73161fc elementor-widget elementor-widget-text-editor\" data-id=\"73161fc\" data-element_type=\"widget\" data-e-type=\"widget\" data-widget_type=\"text-editor.default\">\n\t\t\t\t\t\t\t\t\t<p data-start=\"1922\" data-end=\"2874\">Mediante la entrega de la direcci\u00f3n de correo electr\u00f3nico u otros datos personales, requisito necesario para la contrataci\u00f3n de determinados servicios, los Clientes dan su permiso para que estos datos sean tratados y, adem\u00e1s, utilizados para enviar comunicaciones comerciales de promoci\u00f3n o publicidad de los servicios y actividades ofrecidos por EIX ESTELS SL<br data-start=\"2325\" data-end=\"2328\"> EIX ESTELS SL pone a disposici\u00f3n de los Clientes la direcci\u00f3n de correo electr\u00f3nico <a class=\"cursor-pointer\" rel=\"noopener\" data-start=\"2405\" data-end=\"2423\">lopd@eixestels.com<\/a> para que \u00e9stos puedan revocar el consentimiento prestado, as\u00ed como ejercitar los derechos de acceso, rectificaci\u00f3n, cancelaci\u00f3n y oposici\u00f3n garantizados por la legislaci\u00f3n vigente.<br data-start=\"2588\" data-end=\"2591\"> EIX ESTELS SL declara que cumple con la normativa vigente en materia de protecci\u00f3n de datos, en particular la Ley Org\u00e1nica 15\/1999, de 13 de diciembre, de Protecci\u00f3n de Datos de Car\u00e1cter Personal y el Real decreto 1720\/2007, de 21 de diciembre, que desarrolla la presente ley org\u00e1nica.<\/p><hr data-start=\"2876\" data-end=\"2879\"><p data-start=\"2881\" data-end=\"3268\"><strong data-start=\"2881\" data-end=\"2924\"> <\/strong><\/p><p data-start=\"2881\" data-end=\"3268\"><strong data-start=\"2881\" data-end=\"2924\">Nulidad e Ineficacia de las Cl\u00e1usulas<\/strong><\/p><p data-start=\"2881\" data-end=\"3268\">Si cualquier cl\u00e1usula incluida en estos T\u00e9rminos fuese declarada, total o parcialmente, nula o ineficaz, esta nulidad o ineficacia afectar\u00e1 s\u00f3lo a esta disposici\u00f3n oa la parte de la misma que resulte nula o ineficaz, subsistiendo los T\u00e9rminos en todo lo restante, consider\u00e1ndose esta disposici\u00f3n o la parte afectada como no puesta.<\/p><hr data-start=\"3270\" data-end=\"3273\"><p data-start=\"3275\" data-end=\"3750\"><strong data-start=\"3275\" data-end=\"3292\"> <\/strong><\/p><p data-start=\"3275\" data-end=\"3750\"><strong data-start=\"3275\" data-end=\"3292\">Notificaciones<\/strong><br data-start=\"3292\" data-end=\"3295\"> Todas las notificaciones, requerimientos, peticiones y otras comunicaciones que deban realizarse por las partes en relaci\u00f3n con los presentes T\u00e9rminos, deber\u00e1n realizarse por escrito y se entender\u00e1 que han sido debidamente realizadas cuando hayan sido entregadas en mano o bien enviadas por correo ordinario al domicilio de la otra parte oa su correo electr\u00f3nico, o bien a cualquier otro domicilio o correo electr\u00f3nico.<\/p><hr data-start=\"3752\" data-end=\"3755\"><p data-start=\"3757\" data-end=\"4243\"><strong data-start=\"3757\" data-end=\"3805\"> <\/strong><\/p><p data-start=\"3757\" data-end=\"4243\"><strong data-start=\"3757\" data-end=\"3805\">Legislaci\u00f3n Aplicable y Jurisdicci\u00f3n Competente<\/strong><br data-start=\"3805\" data-end=\"3808\"> Los presentes T\u00e9rminos se rigen por la legislaci\u00f3n espa\u00f1ola, siendo competentes los Juzgados y Tribunales espa\u00f1oles para conocer de todas las cuestiones que puedan suscitarse sobre la interpretaci\u00f3n, aplicaci\u00f3n y cumplimiento de los mismos. El usuario, en virtud de la aceptaci\u00f3n de los T\u00e9rminos recogidos en este aviso legal, renuncia expresamente a cualquier fuero que, por aplicaci\u00f3n de la vigente Ley de Enjuiciamiento Civil, pudiera corresponderle. <\/p>\t\t\t\t\t\t\t\t<\/div>\n\t\t\t\t<\/div>\n\t\t\t\t<\/div>\n\t\t","protected":false},"excerpt":{"rendered":"<p>Condiciones Generales y T\u00e9rminos de Uso 1- Informaci\u00f3n General La p\u00e1gina web de Eix Estels, as\u00ed como los folletos de [&hellip;]<\/p>\n","protected":false},"author":1,"featured_media":0,"parent":0,"menu_order":0,"comment_status":"closed","ping_status":"closed","template":"","meta":{"_acf_changed":false,"site-sidebar-layout":"no-sidebar","site-content-layout":"","ast-site-content-layout":"full-width-container","site-content-style":"default","site-sidebar-style":"default","ast-global-header-display":"","ast-banner-title-visibility":"","ast-main-header-display":"","ast-hfb-above-header-display":"","ast-hfb-below-header-display":"","ast-hfb-mobile-header-display":"","site-post-title":"disabled","ast-breadcrumbs-content":"","ast-featured-img":"disabled","footer-sml-layout":"","ast-disable-related-posts":"","theme-transparent-header-meta":"","adv-header-id-meta":"","stick-header-meta":"","header-above-stick-meta":"","header-main-stick-meta":"","header-below-stick-meta":"","astra-migrate-meta-layouts":"default","ast-page-background-enabled":"default","ast-page-background-meta":{"desktop":{"background-color":"var(--ast-global-color-5)","background-image":"","background-repeat":"repeat","background-position":"center center","background-size":"auto","background-attachment":"scroll","background-type":"","background-media":"","overlay-type":"","overlay-color":"","overlay-opacity":"","overlay-gradient":""},"tablet":{"background-color":"","background-image":"","background-repeat":"repeat","background-position":"center center","background-size":"auto","background-attachment":"scroll","background-type":"","background-media":"","overlay-type":"","overlay-color":"","overlay-opacity":"","overlay-gradient":""},"mobile":{"background-color":"","background-image":"","background-repeat":"repeat","background-position":"center center","background-size":"auto","background-attachment":"scroll","background-type":"","background-media":"","overlay-type":"","overlay-color":"","overlay-opacity":"","overlay-gradient":""}},"ast-content-background-meta":{"desktop":{"background-color":"var(--ast-global-color-4)","background-image":"","background-repeat":"repeat","background-position":"center center","background-size":"auto","background-attachment":"scroll","background-type":"","background-media":"","overlay-type":"","overlay-color":"","overlay-opacity":"","overlay-gradient":""},"tablet":{"background-color":"var(--ast-global-color-4)","background-image":"","background-repeat":"repeat","background-position":"center center","background-size":"auto","background-attachment":"scroll","background-type":"","background-media":"","overlay-type":"","overlay-color":"","overlay-opacity":"","overlay-gradient":""},"mobile":{"background-color":"var(--ast-global-color-4)","background-image":"","background-repeat":"repeat","background-position":"center center","background-size":"auto","background-attachment":"scroll","background-type":"","background-media":"","overlay-type":"","overlay-color":"","overlay-opacity":"","overlay-gradient":""}},"footnotes":""},"class_list":["post-6843","page","type-page","status-publish","hentry"],"acf":[],"yoast_head":"<!-- This site is optimized with the Yoast SEO plugin v27.4 - https:\/\/yoast.com\/product\/yoast-seo-wordpress\/ -->\n<title>Condiciones Generales de Contrataci\u00f3n<\/title>\n<meta name=\"description\" content=\"Condiciones de reserva, pago y pol\u00edtica de cancelaci\u00f3n para las colonias de verano. Te explicamos todo para tu total seguridad.\" \/>\n<meta name=\"robots\" content=\"index, follow, max-snippet:-1, max-image-preview:large, max-video-preview:-1\" \/>\n<link rel=\"canonical\" href=\"https:\/\/estiu.eixestels.com\/es\/condiciones-generales-y-terminos-de-uso\/\" \/>\n<meta property=\"og:locale\" content=\"es_ES\" \/>\n<meta property=\"og:type\" content=\"article\" \/>\n<meta property=\"og:title\" content=\"Condiciones Generales de Contrataci\u00f3n\" \/>\n<meta property=\"og:description\" content=\"Condiciones de reserva, pago y pol\u00edtica de cancelaci\u00f3n para las colonias de verano. Te explicamos todo para tu total seguridad.\" \/>\n<meta property=\"og:url\" content=\"https:\/\/estiu.eixestels.com\/es\/condiciones-generales-y-terminos-de-uso\/\" \/>\n<meta property=\"og:site_name\" content=\"Eix Estels\" \/>\n<meta property=\"article:publisher\" content=\"https:\/\/www.facebook.com\/eix.estels\" \/>\n<meta property=\"article:modified_time\" content=\"2026-03-23T19:38:00+00:00\" \/>\n<meta name=\"twitter:card\" content=\"summary_large_image\" \/>\n<meta name=\"twitter:site\" content=\"@eixestels\" \/>\n<meta name=\"twitter:label1\" content=\"Tiempo de lectura\" \/>\n\t<meta name=\"twitter:data1\" content=\"21 minutos\" \/>\n<script type=\"application\/ld+json\" class=\"yoast-schema-graph\">{\"@context\":\"https:\\\/\\\/schema.org\",\"@graph\":[{\"@type\":\"WebPage\",\"@id\":\"https:\\\/\\\/estiu.eixestels.com\\\/es\\\/condiciones-generales-y-terminos-de-uso\\\/\",\"url\":\"https:\\\/\\\/estiu.eixestels.com\\\/es\\\/condiciones-generales-y-terminos-de-uso\\\/\",\"name\":\"Condiciones Generales de Contrataci\u00f3n\",\"isPartOf\":{\"@id\":\"https:\\\/\\\/estiu.eixestels.com\\\/es\\\/#website\"},\"datePublished\":\"2025-10-27T21:16:27+00:00\",\"dateModified\":\"2026-03-23T19:38:00+00:00\",\"description\":\"Condiciones de reserva, pago y pol\u00edtica de cancelaci\u00f3n para las colonias de verano. Te explicamos todo para tu total seguridad.\",\"breadcrumb\":{\"@id\":\"https:\\\/\\\/estiu.eixestels.com\\\/es\\\/condiciones-generales-y-terminos-de-uso\\\/#breadcrumb\"},\"inLanguage\":\"es\",\"potentialAction\":[{\"@type\":\"ReadAction\",\"target\":[\"https:\\\/\\\/estiu.eixestels.com\\\/es\\\/condiciones-generales-y-terminos-de-uso\\\/\"]}]},{\"@type\":\"BreadcrumbList\",\"@id\":\"https:\\\/\\\/estiu.eixestels.com\\\/es\\\/condiciones-generales-y-terminos-de-uso\\\/#breadcrumb\",\"itemListElement\":[{\"@type\":\"ListItem\",\"position\":1,\"name\":\"Inici\",\"item\":\"https:\\\/\\\/estiu.eixestels.com\\\/es\\\/\"},{\"@type\":\"ListItem\",\"position\":2,\"name\":\"Condiciones Generales y T\u00e9rminos de uso\"}]},{\"@type\":\"WebSite\",\"@id\":\"https:\\\/\\\/estiu.eixestels.com\\\/es\\\/#website\",\"url\":\"https:\\\/\\\/estiu.eixestels.com\\\/es\\\/\",\"name\":\"Eix Estels\",\"description\":\"\",\"publisher\":{\"@id\":\"https:\\\/\\\/estiu.eixestels.com\\\/es\\\/#organization\"},\"potentialAction\":[{\"@type\":\"SearchAction\",\"target\":{\"@type\":\"EntryPoint\",\"urlTemplate\":\"https:\\\/\\\/estiu.eixestels.com\\\/es\\\/?s={search_term_string}\"},\"query-input\":{\"@type\":\"PropertyValueSpecification\",\"valueRequired\":true,\"valueName\":\"search_term_string\"}}],\"inLanguage\":\"es\"},{\"@type\":\"Organization\",\"@id\":\"https:\\\/\\\/estiu.eixestels.com\\\/es\\\/#organization\",\"name\":\"Eix Estels\",\"url\":\"https:\\\/\\\/estiu.eixestels.com\\\/es\\\/\",\"logo\":{\"@type\":\"ImageObject\",\"inLanguage\":\"es\",\"@id\":\"https:\\\/\\\/estiu.eixestels.com\\\/es\\\/#\\\/schema\\\/logo\\\/image\\\/\",\"url\":\"https:\\\/\\\/estiu.eixestels.com\\\/wp-content\\\/uploads\\\/2025\\\/10\\\/Ee-Eixestels.png\",\"contentUrl\":\"https:\\\/\\\/estiu.eixestels.com\\\/wp-content\\\/uploads\\\/2025\\\/10\\\/Ee-Eixestels.png\",\"width\":1000,\"height\":776,\"caption\":\"Eix Estels\"},\"image\":{\"@id\":\"https:\\\/\\\/estiu.eixestels.com\\\/es\\\/#\\\/schema\\\/logo\\\/image\\\/\"},\"sameAs\":[\"https:\\\/\\\/www.facebook.com\\\/eix.estels\",\"https:\\\/\\\/x.com\\\/eixestels\",\"https:\\\/\\\/www.youtube.com\\\/user\\\/EixEstels\",\"https:\\\/\\\/www.instagram.com\\\/eix_estels\\\/\",\"https:\\\/\\\/www.linkedin.com\\\/company\\\/eix-estels\\\/?originalSubdomain=es\"]}]}<\/script>\n<!-- \/ Yoast SEO plugin. -->","yoast_head_json":{"title":"Condiciones Generales de Contrataci\u00f3n","description":"Condiciones de reserva, pago y pol\u00edtica de cancelaci\u00f3n para las colonias de verano. Te explicamos todo para tu total seguridad.","robots":{"index":"index","follow":"follow","max-snippet":"max-snippet:-1","max-image-preview":"max-image-preview:large","max-video-preview":"max-video-preview:-1"},"canonical":"https:\/\/estiu.eixestels.com\/es\/condiciones-generales-y-terminos-de-uso\/","og_locale":"es_ES","og_type":"article","og_title":"Condiciones Generales de Contrataci\u00f3n","og_description":"Condiciones de reserva, pago y pol\u00edtica de cancelaci\u00f3n para las colonias de verano. Te explicamos todo para tu total seguridad.","og_url":"https:\/\/estiu.eixestels.com\/es\/condiciones-generales-y-terminos-de-uso\/","og_site_name":"Eix Estels","article_publisher":"https:\/\/www.facebook.com\/eix.estels","article_modified_time":"2026-03-23T19:38:00+00:00","twitter_card":"summary_large_image","twitter_site":"@eixestels","twitter_misc":{"Tiempo de lectura":"21 minutos"},"schema":{"@context":"https:\/\/schema.org","@graph":[{"@type":"WebPage","@id":"https:\/\/estiu.eixestels.com\/es\/condiciones-generales-y-terminos-de-uso\/","url":"https:\/\/estiu.eixestels.com\/es\/condiciones-generales-y-terminos-de-uso\/","name":"Condiciones Generales de Contrataci\u00f3n","isPartOf":{"@id":"https:\/\/estiu.eixestels.com\/es\/#website"},"datePublished":"2025-10-27T21:16:27+00:00","dateModified":"2026-03-23T19:38:00+00:00","description":"Condiciones de reserva, pago y pol\u00edtica de cancelaci\u00f3n para las colonias de verano. Te explicamos todo para tu total seguridad.","breadcrumb":{"@id":"https:\/\/estiu.eixestels.com\/es\/condiciones-generales-y-terminos-de-uso\/#breadcrumb"},"inLanguage":"es","potentialAction":[{"@type":"ReadAction","target":["https:\/\/estiu.eixestels.com\/es\/condiciones-generales-y-terminos-de-uso\/"]}]},{"@type":"BreadcrumbList","@id":"https:\/\/estiu.eixestels.com\/es\/condiciones-generales-y-terminos-de-uso\/#breadcrumb","itemListElement":[{"@type":"ListItem","position":1,"name":"Inici","item":"https:\/\/estiu.eixestels.com\/es\/"},{"@type":"ListItem","position":2,"name":"Condiciones Generales y T\u00e9rminos de uso"}]},{"@type":"WebSite","@id":"https:\/\/estiu.eixestels.com\/es\/#website","url":"https:\/\/estiu.eixestels.com\/es\/","name":"Eix Estels","description":"","publisher":{"@id":"https:\/\/estiu.eixestels.com\/es\/#organization"},"potentialAction":[{"@type":"SearchAction","target":{"@type":"EntryPoint","urlTemplate":"https:\/\/estiu.eixestels.com\/es\/?s={search_term_string}"},"query-input":{"@type":"PropertyValueSpecification","valueRequired":true,"valueName":"search_term_string"}}],"inLanguage":"es"},{"@type":"Organization","@id":"https:\/\/estiu.eixestels.com\/es\/#organization","name":"Eix Estels","url":"https:\/\/estiu.eixestels.com\/es\/","logo":{"@type":"ImageObject","inLanguage":"es","@id":"https:\/\/estiu.eixestels.com\/es\/#\/schema\/logo\/image\/","url":"https:\/\/estiu.eixestels.com\/wp-content\/uploads\/2025\/10\/Ee-Eixestels.png","contentUrl":"https:\/\/estiu.eixestels.com\/wp-content\/uploads\/2025\/10\/Ee-Eixestels.png","width":1000,"height":776,"caption":"Eix Estels"},"image":{"@id":"https:\/\/estiu.eixestels.com\/es\/#\/schema\/logo\/image\/"},"sameAs":["https:\/\/www.facebook.com\/eix.estels","https:\/\/x.com\/eixestels","https:\/\/www.youtube.com\/user\/EixEstels","https:\/\/www.instagram.com\/eix_estels\/","https:\/\/www.linkedin.com\/company\/eix-estels\/?originalSubdomain=es"]}]}},"_links":{"self":[{"href":"https:\/\/estiu.eixestels.com\/es\/wp-json\/wp\/v2\/pages\/6843","targetHints":{"allow":["GET"]}}],"collection":[{"href":"https:\/\/estiu.eixestels.com\/es\/wp-json\/wp\/v2\/pages"}],"about":[{"href":"https:\/\/estiu.eixestels.com\/es\/wp-json\/wp\/v2\/types\/page"}],"author":[{"embeddable":true,"href":"https:\/\/estiu.eixestels.com\/es\/wp-json\/wp\/v2\/users\/1"}],"replies":[{"embeddable":true,"href":"https:\/\/estiu.eixestels.com\/es\/wp-json\/wp\/v2\/comments?post=6843"}],"version-history":[{"count":1,"href":"https:\/\/estiu.eixestels.com\/es\/wp-json\/wp\/v2\/pages\/6843\/revisions"}],"predecessor-version":[{"id":6844,"href":"https:\/\/estiu.eixestels.com\/es\/wp-json\/wp\/v2\/pages\/6843\/revisions\/6844"}],"wp:attachment":[{"href":"https:\/\/estiu.eixestels.com\/es\/wp-json\/wp\/v2\/media?parent=6843"}],"curies":[{"name":"wp","href":"https:\/\/api.w.org\/{rel}","templated":true}]}}