{"id":6839,"date":"2025-10-27T21:22:23","date_gmt":"2025-10-27T21:22:23","guid":{"rendered":"https:\/\/estiu.eixestels.com\/politica-de-redes-sociales\/"},"modified":"2026-03-23T19:37:40","modified_gmt":"2026-03-23T19:37:40","slug":"politica-de-redes-sociales","status":"publish","type":"page","link":"https:\/\/estiu.eixestels.com\/es\/politica-de-redes-sociales\/","title":{"rendered":"Pol\u00edtica de Redes Sociales"},"content":{"rendered":"\t\t<div data-elementor-type=\"wp-page\" data-elementor-id=\"6839\" class=\"elementor elementor-6839 elementor-1181\" data-elementor-post-type=\"page\">\n\t\t\t\t<div class=\"elementor-element elementor-element-52cd2e1c e-con-full e-flex e-con e-parent\" data-id=\"52cd2e1c\" data-element_type=\"container\" data-e-type=\"container\" data-settings=\"{&quot;background_background&quot;:&quot;gradient&quot;}\">\n\t\t\t\t<div class=\"elementor-element elementor-element-3af799bb elementor-widget elementor-widget-heading\" data-id=\"3af799bb\" data-element_type=\"widget\" data-e-type=\"widget\" data-widget_type=\"heading.default\">\n\t\t\t\t\t<h1 class=\"elementor-heading-title elementor-size-default\">Pol\u00edtica de Redes Sociales<\/h1>\t\t\t\t<\/div>\n\t\t\t\t<\/div>\n\t\t<div class=\"elementor-element elementor-element-60b0bd43 e-con-full header-box e-flex e-con e-parent\" data-id=\"60b0bd43\" data-element_type=\"container\" data-e-type=\"container\">\n\t\t\t\t<div class=\"elementor-element elementor-element-5358de0e elementor-widget__width-inherit elementor-widget elementor-widget-text-editor\" data-id=\"5358de0e\" data-element_type=\"widget\" data-e-type=\"widget\" data-widget_type=\"text-editor.default\">\n\t\t\t\t\t\t\t\t\t<p data-start=\"98\" data-end=\"933\"><strong>1 . Informaci\u00f3n sobre el responsable del tratamiento de los datos alojados en la p\u00e1gina oficial de EIX ESTELS, SL, en la red social<\/strong><br data-start=\"231\" data-end=\"234\"> De conformidad al deber de informaci\u00f3n establecido en el Reglamento (UE) 2016\/679 de 27 de abril (GDPR) y la Ley Org\u00e1nica 3\/2018, de 5 de diciembre (LOPDGDD), EIX ESTELS, SL, en adelante, el RESPONSABLE desea poner en conocimiento de los usuarios de esta red social la pol\u00edtica respecto del tratamiento y protecci\u00f3n de las utilizan la p\u00e1gina oficial del RESPONSABLE, en la misma. El acceso y uso por el usuario de esta p\u00e1gina oficial del RESPONSABLE, supone que acepta expresamente esta pol\u00edtica de privacidad y que presta su consentimiento para el tratamiento de sus datos personales seg\u00fan lo previsto en la misma. <\/p><p data-start=\"935\" data-end=\"1687\"><strong>2 . Datos de menores de edad o incapaces<\/strong><br data-start=\"973\" data-end=\"976\"> El acceso y registro en esta red social est\u00e1 prohibido a los menores de catorce (14) a\u00f1os, por lo que igualmente queda prohibido el acceso y uso de los menores de catorce (14 a\u00f1os) en la p\u00e1gina oficial del <strong>RESPONSABLE<\/strong> , en la misma. Por su parte, si el usuario es incapaz, el <strong>RESPONSABLE<\/strong> , advierte que ser\u00e1 necesaria la asistencia consentida del titular de la patria potestad o tutela del usuario o su representante legal para el acceso y uso de esta p\u00e1gina oficial del <strong>RESPONSABLE<\/strong> .<br data-start=\"1460\" data-end=\"1463\"> El <strong>RESPONSABLE<\/strong> , quedar\u00e1 expresamente exonerada de cualquier responsabilidad que pudiera derivarse del uso de su p\u00e1gina oficial por menores e incapaces siendo esta responsabilidad de sus representantes legales en cada caso. <\/p><p data-start=\"1689\" data-end=\"2250\"><strong>3 . Identificaci\u00f3n de la raz\u00f3n social del responsable del fichero<\/strong><br data-start=\"1750\" data-end=\"1753\"> El usuario queda informado de que el RESPONSABLE, con domicilio social en Passeig del Taulat, 235 &#8211; 08019 BARCELONA (Barcelona), ostenta la condici\u00f3n de responsable de los ficheros y tratamientos a trav\u00e9s de los cuales se recogen y almacenan los datos personales del usuario como consecuencia del registro y uso de la p\u00e1gina oficial del RESPON la entidad titular de la red social en la que se encuentra nuestra p\u00e1gina oficial.<\/p><p data-start=\"2252\" data-end=\"3215\"><strong>4 . Finalidades a las que se destinan los datos de car\u00e1cter personal, informaci\u00f3n y consentimiento<\/strong><br data-start=\"2342\" data-end=\"2345\"> Los datos personales proporcionados voluntariamente por el usuario al RESPONSABLE, a trav\u00e9s de su p\u00e1gina oficial formar\u00e1n parte de un tratamiento de datos responsabilidad del RESPONSABLE, con el fin de ofrecer informaci\u00f3n del RESPONSABLE, por correo electr\u00f3nico, fax, SMS, MMS, comunidades sociales o cualesquiera otros medios electr\u00f3nicos o f\u00edsicos, presentes o futuros, que posibiliten realizar comunicaci\u00f3n suscriban, intercambiar informaci\u00f3n con el RESPONSABLE, y otros usuarios y establecer comunicaci\u00f3n con terceros.<br data-start=\"2912\" data-end=\"2915\"> Desde el momento en que el usuario utiliza esta p\u00e1gina oficial, presta su consentimiento libre, inequ\u00edvoco, espec\u00edfico, informado y expreso para el tratamiento de sus datos personales para el RESPONSABLE, para la correcta prestaci\u00f3n de estos servicios de acuerdo con lo establecido en la presente pol\u00edtica.<\/p><p data-start=\"3217\" data-end=\"3483\">El usuario es libre de utilizar la p\u00e1gina oficial del RESPONSABLE, en esta red social, de modo que en caso de que el usuario no est\u00e9 de acuerdo con el tratamiento de sus datos con estos fines, no debe utilizar ni proporcionar sus datos personales.<\/p><p data-start=\"3485\" data-end=\"3868\">A trav\u00e9s de esta p\u00e1gina oficial del RESPONSABLE, el usuario puede compartir textos, fotos, v\u00eddeos y otro tipo de informaci\u00f3n y\/o contenidos que estar\u00e1n sujetos tanto a la presente pol\u00edtica como a las Normas y Condiciones de la Plataforma. El usuario ser\u00e1 responsable de que todos los contenidos que publique respeten la legislaci\u00f3n vigente, la presente pol\u00edtica y las Normas de la Plataforma. <\/p><p data-start=\"3870\" data-end=\"4108\">El usuario \u00fanicamente podr\u00e1 publicar en esta p\u00e1gina oficial del RESPONSABLE, datos personales, fotograf\u00edas e informaciones u otros contenidos cuya titularidad y propiedad le pertenezcan o respecto de las cuales tenga la autorizaci\u00f3n de terceros.<\/p><p data-start=\"4110\" data-end=\"4427\">El RESPONSABLE, tendr\u00e1 derecho a eliminar de esta p\u00e1gina oficial -de forma unilateral y sin previa comunicaci\u00f3n ni autorizaci\u00f3n del usuario- cualesquiera contenidos publicados por el usuario cuando el usuario infrinja o vulnere la legislaci\u00f3n vigente, las normas establecidas en esta pol\u00edtica y las Normas de la Plataforma.<\/p><p data-start=\"4429\" data-end=\"5016\"><strong>5 . Identificaci\u00f3n de los destinatarios respecto de los cuales el RESPONSABLE tenga previsto la realizaci\u00f3n de cesiones o comunicaciones de datos<\/strong><br data-start=\"4566\" data-end=\"4569\"> Se advierte al usuario que toda la informaci\u00f3n y contenidos que publique en la p\u00e1gina oficial del RESPONSABLE, en la red social podr\u00e1 ser conocida por los restantes usuarios de la p\u00e1gina oficial y de la plataforma de red social. En consecuencia, toda la informaci\u00f3n y contenidos publicados por el usuario en la p\u00e1gina oficial del RESPONSABLE, en esta red social ser\u00e1 objeto de comunicaci\u00f3n del resto de usuarios por la propia naturaleza del servicio. <\/p><p data-start=\"5018\" data-end=\"5258\">El RESPONSABLE, \u00fanicamente tiene prevista la realizaci\u00f3n de cesiones o comunicaciones de datos que en raz\u00f3n de la normativa vigente deba realizar a jueces, tribunales, administraciones p\u00fablicas y autoridades competentes de car\u00e1cter administrativo.<\/p><p data-start=\"5260\" data-end=\"6151\"><strong>6 . Otros terceros prestamistas de servicios<\/strong><br data-start=\"5300\" data-end=\"5303\"> El RESPONSABLE, advierte al usuario de que esta entidad s\u00f3lo es responsable y garantiza la confidencialidad, seguridad y tratamiento de los datos de acuerdo con la presente pol\u00edtica, respecto de los datos de car\u00e1cter personal que recoja el usuario a trav\u00e9s de la presente p\u00e1gina oficial en esta red social, no teniendo ning\u00fan tipo de responsabilidad respecto de los tratamientos y posteriores utilizaciones de los datos personales que puedan efectuarse tanto por el titular de la sociedad pudieran acceder a estos datos por raz\u00f3n de la prestaci\u00f3n de sus servicios o ejercicio de su actividad, terceros que establezcan hiperenlaces a la red social, ni de aquellos responsables a los que a trav\u00e9s de hiperenlaces el RESPONSABLE, remite a los usuarios adheridos a la presente p\u00e1gina oficial.<\/p><p data-start=\"6153\" data-end=\"6767\"><strong>7 . Calidad de los datos<\/strong><br data-start=\"6178\" data-end=\"6181\"> El RESPONSABLE, advierte al usuario de que, salvo la existencia de una representaci\u00f3n legalmente constituida, ning\u00fan usuario puede utilizar la identidad de otra persona y comunicar sus datos personales, de modo que el usuario en todo momento deber\u00e1 tener en cuenta que s\u00f3lo puede proporcionar datos personales correspondientes a su propia identidad y que sean adecuados, pertinentes, actuales, exactos. En cualquier caso, el usuario deber\u00e1 respetar la privacidad de terceros, sean \u00e9stos o no usuarios de la red social o de la p\u00e1gina oficial del RESPONSABLE, en la misma. <\/p><p data-start=\"6769\" data-end=\"6812\"><strong>8 . Derechos que asisten al Interesado:<\/strong><\/p><ul data-start=\"6813\" data-end=\"7135\"><li data-start=\"6813\" data-end=\"6867\"><p data-start=\"6815\" data-end=\"6867\">Derecho a retirar el consentimiento en cualquier momento.<\/p><\/li><li data-start=\"6868\" data-end=\"6990\"><p data-start=\"6870\" data-end=\"6990\">Derecho de acceso, rectificaci\u00f3n, portabilidad y supresi\u00f3n de sus datos y la limitaci\u00f3n u oposici\u00f3n a su tratamiento.<\/p><\/li><li data-start=\"6991\" data-end=\"7135\"><p data-start=\"6993\" data-end=\"7135\">Derecho a presentar una reclamaci\u00f3n ante la Autoridad de control ( <a class=\"decorated-link\" href=\"http:\/\/www.aepd.es\" target=\"_new\" rel=\"noopener\" data-start=\"7056\" data-end=\"7067\">www.aepd.es.<\/a> ) si considera que el tratamiento no se ajusta a la normativa vigente.<\/p><\/li><\/ul><p data-start=\"7137\" data-end=\"7450\"><strong>9 . Otra informaci\u00f3n de inter\u00e9s<\/strong><br data-start=\"7167\" data-end=\"7170\"> El RESPONSABLE, podr\u00e1 modificar y\/o sustituir en cualquier momento la presente pol\u00edtica que, seg\u00fan los casos, sustituir\u00e1, completar\u00e1 y\/o modificar\u00e1 la actualmente publicada aqu\u00ed recogida. Por eso el usuario deber\u00e1 acceder peri\u00f3dicamente a \u00e9stas para mantener actualizado. <\/p><p data-start=\"7452\" data-end=\"7613\">El usuario puede contactar con el RESPONSABLE, mediante el servicio de mensajer\u00eda interna de la red social oa trav\u00e9s de las siguientes direcciones y datos de contacto:<\/p><p data-start=\"7615\" data-end=\"7708\"><strong>EJE ESTELS, SL<\/strong><br data-start=\"7631\" data-end=\"7634\"> Paseo del Taulat, 235 &#8211; 08019 BARCELONA (Barcelona)<br data-start=\"7687\" data-end=\"7690\"> <span style=\"text-decoration: underline;\"><strong><a class=\"decorated-link cursor-pointer\" href=\"mailto:lopd@eixestels.com\" rel=\"noopener\" data-start=\"7690\" data-end=\"7708\">lopd@eixestels.com<\/a><\/strong><\/span><\/p><p data-start=\"7710\" data-end=\"7836\">Asimismo, el usuario puede consultar las normas y pol\u00edticas publicadas por el titular de la red social para el uso de la misma.<\/p>\t\t\t\t\t\t\t\t<\/div>\n\t\t\t\t<\/div>\n\t\t\t\t<\/div>\n\t\t","protected":false},"excerpt":{"rendered":"<p>Pol\u00edtica de Redes Sociales 1 . Informaci\u00f3n sobre el responsable del tratamiento de los datos alojados en la p\u00e1gina oficial [&hellip;]<\/p>\n","protected":false},"author":1,"featured_media":0,"parent":0,"menu_order":0,"comment_status":"closed","ping_status":"closed","template":"","meta":{"_acf_changed":false,"site-sidebar-layout":"no-sidebar","site-content-layout":"","ast-site-content-layout":"full-width-container","site-content-style":"default","site-sidebar-style":"default","ast-global-header-display":"","ast-banner-title-visibility":"","ast-main-header-display":"","ast-hfb-above-header-display":"","ast-hfb-below-header-display":"","ast-hfb-mobile-header-display":"","site-post-title":"disabled","ast-breadcrumbs-content":"","ast-featured-img":"disabled","footer-sml-layout":"","ast-disable-related-posts":"","theme-transparent-header-meta":"","adv-header-id-meta":"","stick-header-meta":"","header-above-stick-meta":"","header-main-stick-meta":"","header-below-stick-meta":"","astra-migrate-meta-layouts":"default","ast-page-background-enabled":"default","ast-page-background-meta":{"desktop":{"background-color":"var(--ast-global-color-5)","background-image":"","background-repeat":"repeat","background-position":"center center","background-size":"auto","background-attachment":"scroll","background-type":"","background-media":"","overlay-type":"","overlay-color":"","overlay-opacity":"","overlay-gradient":""},"tablet":{"background-color":"","background-image":"","background-repeat":"repeat","background-position":"center center","background-size":"auto","background-attachment":"scroll","background-type":"","background-media":"","overlay-type":"","overlay-color":"","overlay-opacity":"","overlay-gradient":""},"mobile":{"background-color":"","background-image":"","background-repeat":"repeat","background-position":"center center","background-size":"auto","background-attachment":"scroll","background-type":"","background-media":"","overlay-type":"","overlay-color":"","overlay-opacity":"","overlay-gradient":""}},"ast-content-background-meta":{"desktop":{"background-color":"var(--ast-global-color-4)","background-image":"","background-repeat":"repeat","background-position":"center center","background-size":"auto","background-attachment":"scroll","background-type":"","background-media":"","overlay-type":"","overlay-color":"","overlay-opacity":"","overlay-gradient":""},"tablet":{"background-color":"var(--ast-global-color-4)","background-image":"","background-repeat":"repeat","background-position":"center center","background-size":"auto","background-attachment":"scroll","background-type":"","background-media":"","overlay-type":"","overlay-color":"","overlay-opacity":"","overlay-gradient":""},"mobile":{"background-color":"var(--ast-global-color-4)","background-image":"","background-repeat":"repeat","background-position":"center center","background-size":"auto","background-attachment":"scroll","background-type":"","background-media":"","overlay-type":"","overlay-color":"","overlay-opacity":"","overlay-gradient":""}},"footnotes":""},"class_list":["post-6839","page","type-page","status-publish","hentry"],"acf":[],"yoast_head":"<!-- This site is optimized with the Yoast SEO plugin v27.4 - https:\/\/yoast.com\/product\/yoast-seo-wordpress\/ -->\n<title>Pol\u00edtica de Redes Sociales<\/title>\n<meta name=\"description\" content=\"Normas de participaci\u00f3n y gesti\u00f3n de datos en nuestros perfiles oficiales de redes sociales. Consulta las pautas de nuestra comunidad.\" \/>\n<meta name=\"robots\" content=\"index, follow, max-snippet:-1, max-image-preview:large, max-video-preview:-1\" \/>\n<link rel=\"canonical\" href=\"https:\/\/estiu.eixestels.com\/es\/politica-de-redes-sociales\/\" \/>\n<meta property=\"og:locale\" content=\"es_ES\" \/>\n<meta property=\"og:type\" content=\"article\" \/>\n<meta property=\"og:title\" content=\"Pol\u00edtica de Redes Sociales\" \/>\n<meta property=\"og:description\" content=\"Normas de participaci\u00f3n y gesti\u00f3n de datos en nuestros perfiles oficiales de redes sociales. Consulta las pautas de nuestra comunidad.\" \/>\n<meta property=\"og:url\" content=\"https:\/\/estiu.eixestels.com\/es\/politica-de-redes-sociales\/\" \/>\n<meta property=\"og:site_name\" content=\"Eix Estels\" \/>\n<meta property=\"article:publisher\" content=\"https:\/\/www.facebook.com\/eix.estels\" \/>\n<meta property=\"article:modified_time\" content=\"2026-03-23T19:37:40+00:00\" \/>\n<meta name=\"twitter:card\" content=\"summary_large_image\" \/>\n<meta name=\"twitter:site\" content=\"@eixestels\" \/>\n<meta name=\"twitter:label1\" content=\"Tiempo de lectura\" \/>\n\t<meta name=\"twitter:data1\" content=\"6 minutos\" \/>\n<script type=\"application\/ld+json\" class=\"yoast-schema-graph\">{\"@context\":\"https:\\\/\\\/schema.org\",\"@graph\":[{\"@type\":\"WebPage\",\"@id\":\"https:\\\/\\\/estiu.eixestels.com\\\/es\\\/politica-de-redes-sociales\\\/\",\"url\":\"https:\\\/\\\/estiu.eixestels.com\\\/es\\\/politica-de-redes-sociales\\\/\",\"name\":\"Pol\u00edtica de Redes Sociales\",\"isPartOf\":{\"@id\":\"https:\\\/\\\/estiu.eixestels.com\\\/es\\\/#website\"},\"datePublished\":\"2025-10-27T21:22:23+00:00\",\"dateModified\":\"2026-03-23T19:37:40+00:00\",\"description\":\"Normas de participaci\u00f3n y gesti\u00f3n de datos en nuestros perfiles oficiales de redes sociales. Consulta las pautas de nuestra comunidad.\",\"breadcrumb\":{\"@id\":\"https:\\\/\\\/estiu.eixestels.com\\\/es\\\/politica-de-redes-sociales\\\/#breadcrumb\"},\"inLanguage\":\"es\",\"potentialAction\":[{\"@type\":\"ReadAction\",\"target\":[\"https:\\\/\\\/estiu.eixestels.com\\\/es\\\/politica-de-redes-sociales\\\/\"]}]},{\"@type\":\"BreadcrumbList\",\"@id\":\"https:\\\/\\\/estiu.eixestels.com\\\/es\\\/politica-de-redes-sociales\\\/#breadcrumb\",\"itemListElement\":[{\"@type\":\"ListItem\",\"position\":1,\"name\":\"Inici\",\"item\":\"https:\\\/\\\/estiu.eixestels.com\\\/es\\\/\"},{\"@type\":\"ListItem\",\"position\":2,\"name\":\"Pol\u00edtica de Redes Sociales\"}]},{\"@type\":\"WebSite\",\"@id\":\"https:\\\/\\\/estiu.eixestels.com\\\/es\\\/#website\",\"url\":\"https:\\\/\\\/estiu.eixestels.com\\\/es\\\/\",\"name\":\"Eix Estels\",\"description\":\"\",\"publisher\":{\"@id\":\"https:\\\/\\\/estiu.eixestels.com\\\/es\\\/#organization\"},\"potentialAction\":[{\"@type\":\"SearchAction\",\"target\":{\"@type\":\"EntryPoint\",\"urlTemplate\":\"https:\\\/\\\/estiu.eixestels.com\\\/es\\\/?s={search_term_string}\"},\"query-input\":{\"@type\":\"PropertyValueSpecification\",\"valueRequired\":true,\"valueName\":\"search_term_string\"}}],\"inLanguage\":\"es\"},{\"@type\":\"Organization\",\"@id\":\"https:\\\/\\\/estiu.eixestels.com\\\/es\\\/#organization\",\"name\":\"Eix Estels\",\"url\":\"https:\\\/\\\/estiu.eixestels.com\\\/es\\\/\",\"logo\":{\"@type\":\"ImageObject\",\"inLanguage\":\"es\",\"@id\":\"https:\\\/\\\/estiu.eixestels.com\\\/es\\\/#\\\/schema\\\/logo\\\/image\\\/\",\"url\":\"https:\\\/\\\/estiu.eixestels.com\\\/wp-content\\\/uploads\\\/2025\\\/10\\\/Ee-Eixestels.png\",\"contentUrl\":\"https:\\\/\\\/estiu.eixestels.com\\\/wp-content\\\/uploads\\\/2025\\\/10\\\/Ee-Eixestels.png\",\"width\":1000,\"height\":776,\"caption\":\"Eix Estels\"},\"image\":{\"@id\":\"https:\\\/\\\/estiu.eixestels.com\\\/es\\\/#\\\/schema\\\/logo\\\/image\\\/\"},\"sameAs\":[\"https:\\\/\\\/www.facebook.com\\\/eix.estels\",\"https:\\\/\\\/x.com\\\/eixestels\",\"https:\\\/\\\/www.youtube.com\\\/user\\\/EixEstels\",\"https:\\\/\\\/www.instagram.com\\\/eix_estels\\\/\",\"https:\\\/\\\/www.linkedin.com\\\/company\\\/eix-estels\\\/?originalSubdomain=es\"]}]}<\/script>\n<!-- \/ Yoast SEO plugin. -->","yoast_head_json":{"title":"Pol\u00edtica de Redes Sociales","description":"Normas de participaci\u00f3n y gesti\u00f3n de datos en nuestros perfiles oficiales de redes sociales. Consulta las pautas de nuestra comunidad.","robots":{"index":"index","follow":"follow","max-snippet":"max-snippet:-1","max-image-preview":"max-image-preview:large","max-video-preview":"max-video-preview:-1"},"canonical":"https:\/\/estiu.eixestels.com\/es\/politica-de-redes-sociales\/","og_locale":"es_ES","og_type":"article","og_title":"Pol\u00edtica de Redes Sociales","og_description":"Normas de participaci\u00f3n y gesti\u00f3n de datos en nuestros perfiles oficiales de redes sociales. Consulta las pautas de nuestra comunidad.","og_url":"https:\/\/estiu.eixestels.com\/es\/politica-de-redes-sociales\/","og_site_name":"Eix Estels","article_publisher":"https:\/\/www.facebook.com\/eix.estels","article_modified_time":"2026-03-23T19:37:40+00:00","twitter_card":"summary_large_image","twitter_site":"@eixestels","twitter_misc":{"Tiempo de lectura":"6 minutos"},"schema":{"@context":"https:\/\/schema.org","@graph":[{"@type":"WebPage","@id":"https:\/\/estiu.eixestels.com\/es\/politica-de-redes-sociales\/","url":"https:\/\/estiu.eixestels.com\/es\/politica-de-redes-sociales\/","name":"Pol\u00edtica de Redes Sociales","isPartOf":{"@id":"https:\/\/estiu.eixestels.com\/es\/#website"},"datePublished":"2025-10-27T21:22:23+00:00","dateModified":"2026-03-23T19:37:40+00:00","description":"Normas de participaci\u00f3n y gesti\u00f3n de datos en nuestros perfiles oficiales de redes sociales. Consulta las pautas de nuestra comunidad.","breadcrumb":{"@id":"https:\/\/estiu.eixestels.com\/es\/politica-de-redes-sociales\/#breadcrumb"},"inLanguage":"es","potentialAction":[{"@type":"ReadAction","target":["https:\/\/estiu.eixestels.com\/es\/politica-de-redes-sociales\/"]}]},{"@type":"BreadcrumbList","@id":"https:\/\/estiu.eixestels.com\/es\/politica-de-redes-sociales\/#breadcrumb","itemListElement":[{"@type":"ListItem","position":1,"name":"Inici","item":"https:\/\/estiu.eixestels.com\/es\/"},{"@type":"ListItem","position":2,"name":"Pol\u00edtica de Redes Sociales"}]},{"@type":"WebSite","@id":"https:\/\/estiu.eixestels.com\/es\/#website","url":"https:\/\/estiu.eixestels.com\/es\/","name":"Eix Estels","description":"","publisher":{"@id":"https:\/\/estiu.eixestels.com\/es\/#organization"},"potentialAction":[{"@type":"SearchAction","target":{"@type":"EntryPoint","urlTemplate":"https:\/\/estiu.eixestels.com\/es\/?s={search_term_string}"},"query-input":{"@type":"PropertyValueSpecification","valueRequired":true,"valueName":"search_term_string"}}],"inLanguage":"es"},{"@type":"Organization","@id":"https:\/\/estiu.eixestels.com\/es\/#organization","name":"Eix Estels","url":"https:\/\/estiu.eixestels.com\/es\/","logo":{"@type":"ImageObject","inLanguage":"es","@id":"https:\/\/estiu.eixestels.com\/es\/#\/schema\/logo\/image\/","url":"https:\/\/estiu.eixestels.com\/wp-content\/uploads\/2025\/10\/Ee-Eixestels.png","contentUrl":"https:\/\/estiu.eixestels.com\/wp-content\/uploads\/2025\/10\/Ee-Eixestels.png","width":1000,"height":776,"caption":"Eix Estels"},"image":{"@id":"https:\/\/estiu.eixestels.com\/es\/#\/schema\/logo\/image\/"},"sameAs":["https:\/\/www.facebook.com\/eix.estels","https:\/\/x.com\/eixestels","https:\/\/www.youtube.com\/user\/EixEstels","https:\/\/www.instagram.com\/eix_estels\/","https:\/\/www.linkedin.com\/company\/eix-estels\/?originalSubdomain=es"]}]}},"_links":{"self":[{"href":"https:\/\/estiu.eixestels.com\/es\/wp-json\/wp\/v2\/pages\/6839","targetHints":{"allow":["GET"]}}],"collection":[{"href":"https:\/\/estiu.eixestels.com\/es\/wp-json\/wp\/v2\/pages"}],"about":[{"href":"https:\/\/estiu.eixestels.com\/es\/wp-json\/wp\/v2\/types\/page"}],"author":[{"embeddable":true,"href":"https:\/\/estiu.eixestels.com\/es\/wp-json\/wp\/v2\/users\/1"}],"replies":[{"embeddable":true,"href":"https:\/\/estiu.eixestels.com\/es\/wp-json\/wp\/v2\/comments?post=6839"}],"version-history":[{"count":2,"href":"https:\/\/estiu.eixestels.com\/es\/wp-json\/wp\/v2\/pages\/6839\/revisions"}],"predecessor-version":[{"id":8333,"href":"https:\/\/estiu.eixestels.com\/es\/wp-json\/wp\/v2\/pages\/6839\/revisions\/8333"}],"wp:attachment":[{"href":"https:\/\/estiu.eixestels.com\/es\/wp-json\/wp\/v2\/media?parent=6839"}],"curies":[{"name":"wp","href":"https:\/\/api.w.org\/{rel}","templated":true}]}}